{"id":5236,"date":"2023-05-04T10:27:08","date_gmt":"2023-05-04T13:27:08","guid":{"rendered":"https:\/\/eventosfcdlmg.org.br\/ce2023\/?page_id=5236"},"modified":"2023-06-20T10:39:08","modified_gmt":"2023-06-20T13:39:08","slug":"palestrante","status":"publish","type":"page","link":"https:\/\/eventosfcdlmg.org.br\/ce2023\/palestrante\/","title":{"rendered":"Palestrantes"},"content":{"rendered":"\t\t<div data-elementor-type=\"wp-page\" data-elementor-id=\"5236\" class=\"elementor elementor-5236\">\n\t\t\t\t\t\t\t\t\t<section class=\"elementor-section elementor-top-section elementor-element elementor-element-0c85262 elementor-section-boxed elementor-section-height-default elementor-section-height-default\" data-id=\"0c85262\" data-element_type=\"section\">\n\t\t\t\t\t\t<div class=\"elementor-container elementor-column-gap-default\">\n\t\t\t\t\t<div class=\"elementor-column elementor-col-100 elementor-top-column elementor-element elementor-element-48b78c7\" data-id=\"48b78c7\" data-element_type=\"column\">\n\t\t\t<div class=\"elementor-widget-wrap elementor-element-populated\">\n\t\t\t\t\t\t\t\t<div class=\"elementor-element elementor-element-aa3cdb6 elementor-widget elementor-widget-heading\" data-id=\"aa3cdb6\" data-element_type=\"widget\" data-widget_type=\"heading.default\">\n\t\t\t\t<div class=\"elementor-widget-container\">\n\t\t\t<style>\/*! elementor - v3.7.8 - 02-10-2022 *\/\n.elementor-heading-title{padding:0;margin:0;line-height:1}.elementor-widget-heading .elementor-heading-title[class*=elementor-size-]>a{color:inherit;font-size:inherit;line-height:inherit}.elementor-widget-heading .elementor-heading-title.elementor-size-small{font-size:15px}.elementor-widget-heading .elementor-heading-title.elementor-size-medium{font-size:19px}.elementor-widget-heading .elementor-heading-title.elementor-size-large{font-size:29px}.elementor-widget-heading .elementor-heading-title.elementor-size-xl{font-size:39px}.elementor-widget-heading .elementor-heading-title.elementor-size-xxl{font-size:59px}<\/style><h2 class=\"elementor-heading-title elementor-size-default\">Grandes nomes estar\u00e3o presentes na 27\u00aa Conven\u00e7\u00e3o Estadual 2023<\/h2>\t\t<\/div>\n\t\t\t\t<\/div>\n\t\t\t\t\t<\/div>\n\t\t<\/div>\n\t\t\t\t\t\t\t<\/div>\n\t\t<\/section>\n\t\t\t\t<section class=\"elementor-section elementor-top-section elementor-element elementor-element-a441939 elementor-section-stretched elementor-section-boxed elementor-section-height-default elementor-section-height-default\" data-id=\"a441939\" data-element_type=\"section\" data-settings=\"{&quot;stretch_section&quot;:&quot;section-stretched&quot;,&quot;background_background&quot;:&quot;classic&quot;}\">\n\t\t\t\t\t\t<div class=\"elementor-container elementor-column-gap-default\">\n\t\t\t\t\t<div class=\"elementor-column elementor-col-33 elementor-top-column elementor-element elementor-element-dcf4b2a\" data-id=\"dcf4b2a\" data-element_type=\"column\" data-settings=\"{&quot;background_background&quot;:&quot;classic&quot;}\">\n\t\t\t<div class=\"elementor-widget-wrap elementor-element-populated\">\n\t\t\t\t\t\t\t\t<div class=\"elementor-element elementor-element-f560de3 elementor-widget elementor-widget-heading\" data-id=\"f560de3\" data-element_type=\"widget\" data-widget_type=\"heading.default\">\n\t\t\t\t<div class=\"elementor-widget-container\">\n\t\t\t<h3 class=\"elementor-heading-title elementor-size-default\">Breno  Penoni<\/h3>\t\t<\/div>\n\t\t\t\t<\/div>\n\t\t\t\t<div class=\"elementor-element elementor-element-a0cfcb1 elementor-widget elementor-widget-image\" data-id=\"a0cfcb1\" data-element_type=\"widget\" data-widget_type=\"image.default\">\n\t\t\t\t<div class=\"elementor-widget-container\">\n\t\t\t<style>\/*! elementor - v3.7.8 - 02-10-2022 *\/\n.elementor-widget-image{text-align:center}.elementor-widget-image a{display:inline-block}.elementor-widget-image a img[src$=\".svg\"]{width:48px}.elementor-widget-image img{vertical-align:middle;display:inline-block}<\/style>\t\t\t\t\t\t\t\t\t\t\t\t\t<a href=\"https:\/\/www.instagram.com\/bendize.minas\/\" target=\"_blank\">\n\t\t\t\t\t\t\t<img loading=\"lazy\" decoding=\"async\" width=\"200\" height=\"300\" src=\"https:\/\/eventosfcdlmg.org.br\/ce2023\/wp-content\/uploads\/2023\/06\/Breno-Penoni-Bendize-200x300.jpg\" class=\"attachment-medium size-medium\" alt=\"\" srcset=\"https:\/\/eventosfcdlmg.org.br\/ce2023\/wp-content\/uploads\/2023\/06\/Breno-Penoni-Bendize-200x300.jpg 200w, https:\/\/eventosfcdlmg.org.br\/ce2023\/wp-content\/uploads\/2023\/06\/Breno-Penoni-Bendize-683x1024.jpg 683w, https:\/\/eventosfcdlmg.org.br\/ce2023\/wp-content\/uploads\/2023\/06\/Breno-Penoni-Bendize-1024x1536.jpg 1024w, https:\/\/eventosfcdlmg.org.br\/ce2023\/wp-content\/uploads\/2023\/06\/Breno-Penoni-Bendize-1365x2048.jpg 1365w, https:\/\/eventosfcdlmg.org.br\/ce2023\/wp-content\/uploads\/2023\/06\/Breno-Penoni-Bendize-scaled.jpg 1707w, https:\/\/eventosfcdlmg.org.br\/ce2023\/wp-content\/uploads\/2023\/06\/Breno-Penoni-Bendize-200x300@2x.jpg 400w, https:\/\/eventosfcdlmg.org.br\/ce2023\/wp-content\/uploads\/2023\/06\/Breno-Penoni-Bendize-683x1024@2x.jpg 1366w\" sizes=\"auto, (max-width: 200px) 100vw, 200px\" \/>\t\t\t\t\t\t\t\t<\/a>\n\t\t\t\t\t\t\t\t\t\t\t\t\t\t\t<\/div>\n\t\t\t\t<\/div>\n\t\t\t\t<div class=\"elementor-element elementor-element-4cce9c3 elementor-widget elementor-widget-text-editor\" data-id=\"4cce9c3\" data-element_type=\"widget\" data-widget_type=\"text-editor.default\">\n\t\t\t\t<div class=\"elementor-widget-container\">\n\t\t\t<style>\/*! elementor - v3.7.8 - 02-10-2022 *\/\n.elementor-widget-text-editor.elementor-drop-cap-view-stacked .elementor-drop-cap{background-color:#818a91;color:#fff}.elementor-widget-text-editor.elementor-drop-cap-view-framed .elementor-drop-cap{color:#818a91;border:3px solid;background-color:transparent}.elementor-widget-text-editor:not(.elementor-drop-cap-view-default) .elementor-drop-cap{margin-top:8px}.elementor-widget-text-editor:not(.elementor-drop-cap-view-default) .elementor-drop-cap-letter{width:1em;height:1em}.elementor-widget-text-editor .elementor-drop-cap{float:left;text-align:center;line-height:1;font-size:50px}.elementor-widget-text-editor .elementor-drop-cap-letter{display:inline-block}<\/style>\t\t\t\t<p>S\u00f3cio fundador da Bendiz\u00ea, uma marca de moda mineira,\u00a0 de Tiradentes. Atualmente cuida das \u00e1reas de opera\u00e7\u00f5es, planejamento, financeiro e comercial da empresa.<\/p>\t\t\t\t\t\t<\/div>\n\t\t\t\t<\/div>\n\t\t\t\t\t<\/div>\n\t\t<\/div>\n\t\t\t\t<div class=\"elementor-column elementor-col-33 elementor-top-column elementor-element elementor-element-cd2c623\" data-id=\"cd2c623\" data-element_type=\"column\" data-settings=\"{&quot;background_background&quot;:&quot;classic&quot;}\">\n\t\t\t<div class=\"elementor-widget-wrap elementor-element-populated\">\n\t\t\t\t\t\t\t\t<div class=\"elementor-element elementor-element-d0a5277 elementor-widget elementor-widget-heading\" data-id=\"d0a5277\" data-element_type=\"widget\" data-widget_type=\"heading.default\">\n\t\t\t\t<div class=\"elementor-widget-container\">\n\t\t\t<h3 class=\"elementor-heading-title elementor-size-default\">Caito Maia<\/h3>\t\t<\/div>\n\t\t\t\t<\/div>\n\t\t\t\t<div class=\"elementor-element elementor-element-7afa52c elementor-widget elementor-widget-image\" data-id=\"7afa52c\" data-element_type=\"widget\" data-widget_type=\"image.default\">\n\t\t\t\t<div class=\"elementor-widget-container\">\n\t\t\t\t\t\t\t\t\t\t\t\t\t\t\t\t<a href=\"https:\/\/www.instagram.com\/caitomaiaoficial\/?hl=pt-br\" target=\"_blank\">\n\t\t\t\t\t\t\t<img loading=\"lazy\" decoding=\"async\" width=\"247\" height=\"300\" src=\"https:\/\/eventosfcdlmg.org.br\/ce2023\/wp-content\/uploads\/2023\/05\/Caito-Maia_-247x300.jpg\" class=\"attachment-medium size-medium\" alt=\"\" srcset=\"https:\/\/eventosfcdlmg.org.br\/ce2023\/wp-content\/uploads\/2023\/05\/Caito-Maia_-247x300.jpg 247w, https:\/\/eventosfcdlmg.org.br\/ce2023\/wp-content\/uploads\/2023\/05\/Caito-Maia_.jpg 650w, https:\/\/eventosfcdlmg.org.br\/ce2023\/wp-content\/uploads\/2023\/05\/Caito-Maia_-247x300@2x.jpg 494w\" sizes=\"auto, (max-width: 247px) 100vw, 247px\" \/>\t\t\t\t\t\t\t\t<\/a>\n\t\t\t\t\t\t\t\t\t\t\t\t\t\t\t<\/div>\n\t\t\t\t<\/div>\n\t\t\t\t<div class=\"elementor-element elementor-element-dbec72e elementor-widget elementor-widget-text-editor\" data-id=\"dbec72e\" data-element_type=\"widget\" data-widget_type=\"text-editor.default\">\n\t\t\t\t<div class=\"elementor-widget-container\">\n\t\t\t\t\t\t\t<p>Fundador e CEO da Chilli Beans, maior marca de \u00f3culos e acess\u00f3rios da Am\u00e9rica Latina. Al\u00e9m de comandar as empresas, ajuda empreendedores a contar a hist\u00f3ria das suas marcas, divide experi\u00eancias que possam contribuir para a transforma\u00e7\u00e3o de pessoas, ideias e do mercado e compartilha tamb\u00e9m algumas derrapadas nos neg\u00f3cios.<\/p>\t\t\t\t\t\t<\/div>\n\t\t\t\t<\/div>\n\t\t\t\t\t<\/div>\n\t\t<\/div>\n\t\t\t\t<div class=\"elementor-column elementor-col-33 elementor-top-column elementor-element elementor-element-0d364a0\" data-id=\"0d364a0\" data-element_type=\"column\" data-settings=\"{&quot;background_background&quot;:&quot;classic&quot;}\">\n\t\t\t<div class=\"elementor-widget-wrap elementor-element-populated\">\n\t\t\t\t\t\t\t\t<div class=\"elementor-element elementor-element-4c2591a elementor-widget elementor-widget-heading\" data-id=\"4c2591a\" data-element_type=\"widget\" data-widget_type=\"heading.default\">\n\t\t\t\t<div class=\"elementor-widget-container\">\n\t\t\t<h3 class=\"elementor-heading-title elementor-size-default\">Cristhiany Cruz<\/h3>\t\t<\/div>\n\t\t\t\t<\/div>\n\t\t\t\t<div class=\"elementor-element elementor-element-e5a9a9f elementor-widget elementor-widget-image\" data-id=\"e5a9a9f\" data-element_type=\"widget\" data-widget_type=\"image.default\">\n\t\t\t\t<div class=\"elementor-widget-container\">\n\t\t\t\t\t\t\t\t\t\t\t\t\t\t\t\t<a href=\"https:\/\/www.linkedin.com\/in\/cristhiany-cruz-72201434\/?originalSubdomain=br\" target=\"_blank\">\n\t\t\t\t\t\t\t<img loading=\"lazy\" decoding=\"async\" width=\"225\" height=\"300\" src=\"https:\/\/eventosfcdlmg.org.br\/ce2023\/wp-content\/uploads\/2023\/06\/cris-bh-225x300.jpg\" class=\"attachment-medium size-medium\" alt=\"\" srcset=\"https:\/\/eventosfcdlmg.org.br\/ce2023\/wp-content\/uploads\/2023\/06\/cris-bh-225x300.jpg 225w, https:\/\/eventosfcdlmg.org.br\/ce2023\/wp-content\/uploads\/2023\/06\/cris-bh-768x1024.jpg 768w, https:\/\/eventosfcdlmg.org.br\/ce2023\/wp-content\/uploads\/2023\/06\/cris-bh-1152x1536.jpg 1152w, https:\/\/eventosfcdlmg.org.br\/ce2023\/wp-content\/uploads\/2023\/06\/cris-bh-1536x2048.jpg 1536w, https:\/\/eventosfcdlmg.org.br\/ce2023\/wp-content\/uploads\/2023\/06\/cris-bh-scaled.jpg 1920w, https:\/\/eventosfcdlmg.org.br\/ce2023\/wp-content\/uploads\/2023\/06\/cris-bh-225x300@2x.jpg 450w\" sizes=\"auto, (max-width: 225px) 100vw, 225px\" \/>\t\t\t\t\t\t\t\t<\/a>\n\t\t\t\t\t\t\t\t\t\t\t\t\t\t\t<\/div>\n\t\t\t\t<\/div>\n\t\t\t\t<div class=\"elementor-element elementor-element-7cfa81a elementor-widget elementor-widget-text-editor\" data-id=\"7cfa81a\" data-element_type=\"widget\" data-widget_type=\"text-editor.default\">\n\t\t\t\t<div class=\"elementor-widget-container\">\n\t\t\t\t\t\t\t<p>Graduada em Administra\u00e7\u00e3o de Empresas, atua na dissemina\u00e7\u00e3o de pr\u00e1ticas de inova\u00e7\u00e3o e m\u00e9todos \u00e1geis para dentro e fora das empresas. Faz parte da equipe gestora do Projeto Varejo Inteligente Conecta Brasil, realizado pelo Sebrae e CDL Belo Horizonte.<\/p>\t\t\t\t\t\t<\/div>\n\t\t\t\t<\/div>\n\t\t\t\t\t<\/div>\n\t\t<\/div>\n\t\t\t\t\t\t\t<\/div>\n\t\t<\/section>\n\t\t\t\t<section class=\"elementor-section elementor-top-section elementor-element elementor-element-51dfb9e elementor-section-stretched elementor-section-boxed elementor-section-height-default elementor-section-height-default\" data-id=\"51dfb9e\" data-element_type=\"section\" data-settings=\"{&quot;stretch_section&quot;:&quot;section-stretched&quot;,&quot;background_background&quot;:&quot;classic&quot;}\">\n\t\t\t\t\t\t<div class=\"elementor-container elementor-column-gap-default\">\n\t\t\t\t\t<div class=\"elementor-column elementor-col-33 elementor-top-column elementor-element elementor-element-0b268e4\" data-id=\"0b268e4\" data-element_type=\"column\" data-settings=\"{&quot;background_background&quot;:&quot;classic&quot;}\">\n\t\t\t<div class=\"elementor-widget-wrap elementor-element-populated\">\n\t\t\t\t\t\t\t\t<div class=\"elementor-element elementor-element-2af4c71 elementor-widget elementor-widget-heading\" data-id=\"2af4c71\" data-element_type=\"widget\" data-widget_type=\"heading.default\">\n\t\t\t\t<div class=\"elementor-widget-container\">\n\t\t\t<h3 class=\"elementor-heading-title elementor-size-default\">Danyelle Van Straten\n<\/h3>\t\t<\/div>\n\t\t\t\t<\/div>\n\t\t\t\t<div class=\"elementor-element elementor-element-7dce40b elementor-widget elementor-widget-image\" data-id=\"7dce40b\" data-element_type=\"widget\" data-widget_type=\"image.default\">\n\t\t\t\t<div class=\"elementor-widget-container\">\n\t\t\t\t\t\t\t\t\t\t\t\t\t\t\t\t<a href=\"https:\/\/www.linkedin.com\/in\/danyelle-van-straten\/\" target=\"_blank\">\n\t\t\t\t\t\t\t<img loading=\"lazy\" decoding=\"async\" width=\"195\" height=\"300\" src=\"https:\/\/eventosfcdlmg.org.br\/ce2023\/wp-content\/uploads\/2023\/06\/Danyelle-Van-Straten-2-195x300.png\" class=\"attachment-medium size-medium\" alt=\"\" srcset=\"https:\/\/eventosfcdlmg.org.br\/ce2023\/wp-content\/uploads\/2023\/06\/Danyelle-Van-Straten-2-195x300.png 195w, https:\/\/eventosfcdlmg.org.br\/ce2023\/wp-content\/uploads\/2023\/06\/Danyelle-Van-Straten-2.png 624w, https:\/\/eventosfcdlmg.org.br\/ce2023\/wp-content\/uploads\/2023\/06\/Danyelle-Van-Straten-2-195x300@2x.png 390w\" sizes=\"auto, (max-width: 195px) 100vw, 195px\" \/>\t\t\t\t\t\t\t\t<\/a>\n\t\t\t\t\t\t\t\t\t\t\t\t\t\t\t<\/div>\n\t\t\t\t<\/div>\n\t\t\t\t<div class=\"elementor-element elementor-element-fad8a15 elementor-widget elementor-widget-text-editor\" data-id=\"fad8a15\" data-element_type=\"widget\" data-widget_type=\"text-editor.default\">\n\t\t\t\t<div class=\"elementor-widget-container\">\n\t\t\t\t\t\t\t<p>Administradora e especialista em franchising, Danyelle \u00e9 co-fundadora da Depyl Action desde 2001. J\u00e1 atuou como Diretora da ABF em Minas Gerais e hoje \u00e9 presidente do Conselho da rede com mais de 90 lojas no Brasil.<\/p>\t\t\t\t\t\t<\/div>\n\t\t\t\t<\/div>\n\t\t\t\t\t<\/div>\n\t\t<\/div>\n\t\t\t\t<div class=\"elementor-column elementor-col-33 elementor-top-column elementor-element elementor-element-144de20\" data-id=\"144de20\" data-element_type=\"column\" data-settings=\"{&quot;background_background&quot;:&quot;classic&quot;}\">\n\t\t\t<div class=\"elementor-widget-wrap elementor-element-populated\">\n\t\t\t\t\t\t\t\t<div class=\"elementor-element elementor-element-3971e00 elementor-widget elementor-widget-heading\" data-id=\"3971e00\" data-element_type=\"widget\" data-widget_type=\"heading.default\">\n\t\t\t\t<div class=\"elementor-widget-container\">\n\t\t\t<h3 class=\"elementor-heading-title elementor-size-default\">Domingos S\u00e1vio<\/h3>\t\t<\/div>\n\t\t\t\t<\/div>\n\t\t\t\t<div class=\"elementor-element elementor-element-4d342eb elementor-widget elementor-widget-image\" data-id=\"4d342eb\" data-element_type=\"widget\" data-widget_type=\"image.default\">\n\t\t\t\t<div class=\"elementor-widget-container\">\n\t\t\t\t\t\t\t\t\t\t\t\t\t\t\t\t<a href=\"https:\/\/www.instagram.com\/domingossaviomg\/\" target=\"_blank\">\n\t\t\t\t\t\t\t<img loading=\"lazy\" decoding=\"async\" width=\"286\" height=\"300\" src=\"https:\/\/eventosfcdlmg.org.br\/ce2023\/wp-content\/uploads\/2023\/05\/Domingos-Savio-286x300.jpg\" class=\"attachment-medium size-medium\" alt=\"\" srcset=\"https:\/\/eventosfcdlmg.org.br\/ce2023\/wp-content\/uploads\/2023\/05\/Domingos-Savio-286x300.jpg 286w, https:\/\/eventosfcdlmg.org.br\/ce2023\/wp-content\/uploads\/2023\/05\/Domingos-Savio.jpg 796w, https:\/\/eventosfcdlmg.org.br\/ce2023\/wp-content\/uploads\/2023\/05\/Domingos-Savio-286x300@2x.jpg 572w\" sizes=\"auto, (max-width: 286px) 100vw, 286px\" \/>\t\t\t\t\t\t\t\t<\/a>\n\t\t\t\t\t\t\t\t\t\t\t\t\t\t\t<\/div>\n\t\t\t\t<\/div>\n\t\t\t\t<div class=\"elementor-element elementor-element-62adca2 elementor-widget elementor-widget-text-editor\" data-id=\"62adca2\" data-element_type=\"widget\" data-widget_type=\"text-editor.default\">\n\t\t\t\t<div class=\"elementor-widget-container\">\n\t\t\t\t\t\t\t<p>Deputado Federal, natural de S\u00e3o Tiago\/MG, presidente da Frente Parlamentar do Com\u00e9rcio e Servi\u00e7os, na C\u00e2mara dos Deputados.<\/p>\t\t\t\t\t\t<\/div>\n\t\t\t\t<\/div>\n\t\t\t\t\t<\/div>\n\t\t<\/div>\n\t\t\t\t<div class=\"elementor-column elementor-col-33 elementor-top-column elementor-element elementor-element-4229d1c\" data-id=\"4229d1c\" data-element_type=\"column\" data-settings=\"{&quot;background_background&quot;:&quot;classic&quot;}\">\n\t\t\t<div class=\"elementor-widget-wrap elementor-element-populated\">\n\t\t\t\t\t\t\t\t<div class=\"elementor-element elementor-element-1e1e930 elementor-widget elementor-widget-heading\" data-id=\"1e1e930\" data-element_type=\"widget\" data-widget_type=\"heading.default\">\n\t\t\t\t<div class=\"elementor-widget-container\">\n\t\t\t<h3 class=\"elementor-heading-title elementor-size-default\">Eduardo Giannetti<\/h3>\t\t<\/div>\n\t\t\t\t<\/div>\n\t\t\t\t<div class=\"elementor-element elementor-element-7e49964 elementor-widget elementor-widget-image\" data-id=\"7e49964\" data-element_type=\"widget\" data-widget_type=\"image.default\">\n\t\t\t\t<div class=\"elementor-widget-container\">\n\t\t\t\t\t\t\t\t\t\t\t\t\t\t\t<img loading=\"lazy\" decoding=\"async\" width=\"247\" height=\"300\" src=\"https:\/\/eventosfcdlmg.org.br\/ce2023\/wp-content\/uploads\/2023\/05\/Eduardo-Giannetti-247x300.jpg\" class=\"attachment-medium size-medium\" alt=\"\" srcset=\"https:\/\/eventosfcdlmg.org.br\/ce2023\/wp-content\/uploads\/2023\/05\/Eduardo-Giannetti-247x300.jpg 247w, https:\/\/eventosfcdlmg.org.br\/ce2023\/wp-content\/uploads\/2023\/05\/Eduardo-Giannetti.jpg 650w, https:\/\/eventosfcdlmg.org.br\/ce2023\/wp-content\/uploads\/2023\/05\/Eduardo-Giannetti-247x300@2x.jpg 494w\" sizes=\"auto, (max-width: 247px) 100vw, 247px\" \/>\t\t\t\t\t\t\t\t\t\t\t\t\t\t\t<\/div>\n\t\t\t\t<\/div>\n\t\t\t\t<div class=\"elementor-element elementor-element-77285e2 elementor-widget elementor-widget-text-editor\" data-id=\"77285e2\" data-element_type=\"widget\" data-widget_type=\"text-editor.default\">\n\t\t\t\t<div class=\"elementor-widget-container\">\n\t\t\t\t\t\t\t<p>Graduado em Economia e em Ci\u00eancias Sociais pela USP e PhD em Economia pela Universidade de Cambridge, Inglaterra. Recentemente foi eleito membro da Academia Brasileira de Letras. Em suas exposi\u00e7\u00f5es, aborda al\u00e9m do macro cen\u00e1rio econ\u00f4mico, temas como \u00e9tica e as consequ\u00eancias sociais das transforma\u00e7\u00f5es econ\u00f4micas.<\/p>\t\t\t\t\t\t<\/div>\n\t\t\t\t<\/div>\n\t\t\t\t\t<\/div>\n\t\t<\/div>\n\t\t\t\t\t\t\t<\/div>\n\t\t<\/section>\n\t\t\t\t<section class=\"elementor-section elementor-top-section elementor-element elementor-element-763f234 elementor-section-stretched elementor-section-boxed elementor-section-height-default elementor-section-height-default\" data-id=\"763f234\" data-element_type=\"section\" data-settings=\"{&quot;stretch_section&quot;:&quot;section-stretched&quot;,&quot;background_background&quot;:&quot;classic&quot;}\">\n\t\t\t\t\t\t<div class=\"elementor-container elementor-column-gap-default\">\n\t\t\t\t\t<div class=\"elementor-column elementor-col-33 elementor-top-column elementor-element elementor-element-419a778\" data-id=\"419a778\" data-element_type=\"column\" data-settings=\"{&quot;background_background&quot;:&quot;classic&quot;}\">\n\t\t\t<div class=\"elementor-widget-wrap elementor-element-populated\">\n\t\t\t\t\t\t\t\t<div class=\"elementor-element elementor-element-da0244c elementor-widget elementor-widget-heading\" data-id=\"da0244c\" data-element_type=\"widget\" data-widget_type=\"heading.default\">\n\t\t\t\t<div class=\"elementor-widget-container\">\n\t\t\t<h3 class=\"elementor-heading-title elementor-size-default\">Fernando Cardoso<\/h3>\t\t<\/div>\n\t\t\t\t<\/div>\n\t\t\t\t<div class=\"elementor-element elementor-element-16e2811 elementor-widget elementor-widget-image\" data-id=\"16e2811\" data-element_type=\"widget\" data-widget_type=\"image.default\">\n\t\t\t\t<div class=\"elementor-widget-container\">\n\t\t\t\t\t\t\t\t\t\t\t\t\t\t\t\t<a href=\"https:\/\/www.linkedin.com\/in\/fernando-l-cardoso-b3936414b\/\" target=\"_blank\">\n\t\t\t\t\t\t\t<img loading=\"lazy\" decoding=\"async\" width=\"1024\" height=\"682\" src=\"https:\/\/eventosfcdlmg.org.br\/ce2023\/wp-content\/uploads\/2023\/06\/Fernando-Cardoso-1024x682.jpeg\" class=\"attachment-large size-large\" alt=\"\" srcset=\"https:\/\/eventosfcdlmg.org.br\/ce2023\/wp-content\/uploads\/2023\/06\/Fernando-Cardoso-1024x682.jpeg 1024w, https:\/\/eventosfcdlmg.org.br\/ce2023\/wp-content\/uploads\/2023\/06\/Fernando-Cardoso-300x200.jpeg 300w, https:\/\/eventosfcdlmg.org.br\/ce2023\/wp-content\/uploads\/2023\/06\/Fernando-Cardoso-570x380.jpeg 570w, https:\/\/eventosfcdlmg.org.br\/ce2023\/wp-content\/uploads\/2023\/06\/Fernando-Cardoso.jpeg 1279w, https:\/\/eventosfcdlmg.org.br\/ce2023\/wp-content\/uploads\/2023\/06\/Fernando-Cardoso-300x200@2x.jpeg 600w, https:\/\/eventosfcdlmg.org.br\/ce2023\/wp-content\/uploads\/2023\/06\/Fernando-Cardoso-570x380@2x.jpeg 1140w\" sizes=\"auto, (max-width: 1024px) 100vw, 1024px\" \/>\t\t\t\t\t\t\t\t<\/a>\n\t\t\t\t\t\t\t\t\t\t\t\t\t\t\t<\/div>\n\t\t\t\t<\/div>\n\t\t\t\t<div class=\"elementor-element elementor-element-bd7528e elementor-widget elementor-widget-text-editor\" data-id=\"bd7528e\" data-element_type=\"widget\" data-widget_type=\"text-editor.default\">\n\t\t\t\t<div class=\"elementor-widget-container\">\n\t\t\t\t\t\t\t<p class=\"_aacl _aaco _aacu _aacx _aad6 _aade\" dir=\"auto\">S\u00f3cio-Diretor da \u00d3tica Centro Visa\u0303o e vice-presidente de regi\u00f5es comerciais e Shopping Centers na CDL\/BH.<br \/>Al\u00e9m disso, \u00e9 colunista no programa Conecta Mente, da R\u00e1dio CDL FM, que fala sobre inova\u00e7\u00e3o, empreendedorismo, tend\u00eancias do mundo dos neg\u00f3cios, entre outros temas.<\/p>\t\t\t\t\t\t<\/div>\n\t\t\t\t<\/div>\n\t\t\t\t\t<\/div>\n\t\t<\/div>\n\t\t\t\t<div class=\"elementor-column elementor-col-33 elementor-top-column elementor-element elementor-element-b6e1639\" data-id=\"b6e1639\" data-element_type=\"column\" data-settings=\"{&quot;background_background&quot;:&quot;classic&quot;}\">\n\t\t\t<div class=\"elementor-widget-wrap elementor-element-populated\">\n\t\t\t\t\t\t\t\t<div class=\"elementor-element elementor-element-bb28def elementor-widget elementor-widget-heading\" data-id=\"bb28def\" data-element_type=\"widget\" data-widget_type=\"heading.default\">\n\t\t\t\t<div class=\"elementor-widget-container\">\n\t\t\t<h3 class=\"elementor-heading-title elementor-size-default\">Gabriela Pedroso<\/h3>\t\t<\/div>\n\t\t\t\t<\/div>\n\t\t\t\t<div class=\"elementor-element elementor-element-b5de2d7 elementor-widget elementor-widget-image\" data-id=\"b5de2d7\" data-element_type=\"widget\" data-widget_type=\"image.default\">\n\t\t\t\t<div class=\"elementor-widget-container\">\n\t\t\t\t\t\t\t\t\t\t\t\t\t\t\t<img loading=\"lazy\" decoding=\"async\" width=\"300\" height=\"225\" src=\"https:\/\/eventosfcdlmg.org.br\/ce2023\/wp-content\/uploads\/2023\/06\/Gabriela-Pedroso-300x225.jpg\" class=\"attachment-medium size-medium\" alt=\"\" srcset=\"https:\/\/eventosfcdlmg.org.br\/ce2023\/wp-content\/uploads\/2023\/06\/Gabriela-Pedroso-300x225.jpg 300w, https:\/\/eventosfcdlmg.org.br\/ce2023\/wp-content\/uploads\/2023\/06\/Gabriela-Pedroso-1024x768.jpg 1024w, https:\/\/eventosfcdlmg.org.br\/ce2023\/wp-content\/uploads\/2023\/06\/Gabriela-Pedroso-1536x1152.jpg 1536w, https:\/\/eventosfcdlmg.org.br\/ce2023\/wp-content\/uploads\/2023\/06\/Gabriela-Pedroso-2048x1536.jpg 2048w, https:\/\/eventosfcdlmg.org.br\/ce2023\/wp-content\/uploads\/2023\/06\/Gabriela-Pedroso-300x225@2x.jpg 600w\" sizes=\"auto, (max-width: 300px) 100vw, 300px\" \/>\t\t\t\t\t\t\t\t\t\t\t\t\t\t\t<\/div>\n\t\t\t\t<\/div>\n\t\t\t\t<div class=\"elementor-element elementor-element-e489ae7 elementor-widget elementor-widget-text-editor\" data-id=\"e489ae7\" data-element_type=\"widget\" data-widget_type=\"text-editor.default\">\n\t\t\t\t<div class=\"elementor-widget-container\">\n\t\t\t\t\t\t\t<p>Editora do portal Di\u00e1rio do Com\u00e9rcio, especialista em M\u00eddia Eletr\u00f4nica: R\u00e1dio e TV (Uni-BH) e em Marketing Digital (DMI\/ESPM). Experi\u00eancia em grandes coberturas jornal\u00edsticas nas editorias de economia, pol\u00edtica e esportes, com passagem por outros ve\u00edculos de comunica\u00e7\u00e3o.<\/p>\t\t\t\t\t\t<\/div>\n\t\t\t\t<\/div>\n\t\t\t\t\t<\/div>\n\t\t<\/div>\n\t\t\t\t<div class=\"elementor-column elementor-col-33 elementor-top-column elementor-element elementor-element-85c6103\" data-id=\"85c6103\" data-element_type=\"column\" data-settings=\"{&quot;background_background&quot;:&quot;classic&quot;}\">\n\t\t\t<div class=\"elementor-widget-wrap elementor-element-populated\">\n\t\t\t\t\t\t\t\t<div class=\"elementor-element elementor-element-3dfcdb3 elementor-widget elementor-widget-heading\" data-id=\"3dfcdb3\" data-element_type=\"widget\" data-widget_type=\"heading.default\">\n\t\t\t\t<div class=\"elementor-widget-container\">\n\t\t\t<h3 class=\"elementor-heading-title elementor-size-default\">Izabella Bauer<\/h3>\t\t<\/div>\n\t\t\t\t<\/div>\n\t\t\t\t<div class=\"elementor-element elementor-element-8d72fe6 elementor-widget elementor-widget-image\" data-id=\"8d72fe6\" data-element_type=\"widget\" data-widget_type=\"image.default\">\n\t\t\t\t<div class=\"elementor-widget-container\">\n\t\t\t\t\t\t\t\t\t\t\t\t\t\t\t\t<a href=\"https:\/\/www.linkedin.com\/in\/izabella-bauer\/\" target=\"_blank\">\n\t\t\t\t\t\t\t<img loading=\"lazy\" decoding=\"async\" width=\"279\" height=\"300\" src=\"https:\/\/eventosfcdlmg.org.br\/ce2023\/wp-content\/uploads\/2023\/06\/Izabella-Bauer-279x300.jpg\" class=\"attachment-medium size-medium\" alt=\"\" srcset=\"https:\/\/eventosfcdlmg.org.br\/ce2023\/wp-content\/uploads\/2023\/06\/Izabella-Bauer-279x300.jpg 279w, https:\/\/eventosfcdlmg.org.br\/ce2023\/wp-content\/uploads\/2023\/06\/Izabella-Bauer.jpg 775w, https:\/\/eventosfcdlmg.org.br\/ce2023\/wp-content\/uploads\/2023\/06\/Izabella-Bauer-279x300@2x.jpg 558w\" sizes=\"auto, (max-width: 279px) 100vw, 279px\" \/>\t\t\t\t\t\t\t\t<\/a>\n\t\t\t\t\t\t\t\t\t\t\t\t\t\t\t<\/div>\n\t\t\t\t<\/div>\n\t\t\t\t<div class=\"elementor-element elementor-element-f682e48 elementor-widget elementor-widget-text-editor\" data-id=\"f682e48\" data-element_type=\"widget\" data-widget_type=\"text-editor.default\">\n\t\t\t\t<div class=\"elementor-widget-container\">\n\t\t\t\t\t\t\t<p>S\u00f3cia e Diretora de Opera\u00e7\u00f5es (COO) na A3 Data. Atua na \u00e1rea de TI desde 2007 com forma\u00e7\u00e3o em Gest\u00e3o de Pessoas com \u00eanfase em Lideran\u00e7a Organizacional, pela FGV (2021). Mestre em Ci\u00eancia da Informa\u00e7\u00e3o, pela UFMG (2019). P\u00f3s-gradua\u00e7\u00e3o em Gest\u00e3o Estrat\u00e9gica da Informa\u00e7\u00e3o, pela UFMG (2014). Gradua\u00e7\u00e3o em TI pela UNI-BH (2011).<\/p>\t\t\t\t\t\t<\/div>\n\t\t\t\t<\/div>\n\t\t\t\t\t<\/div>\n\t\t<\/div>\n\t\t\t\t\t\t\t<\/div>\n\t\t<\/section>\n\t\t\t\t<section class=\"elementor-section elementor-top-section elementor-element elementor-element-2ab0247 elementor-section-stretched elementor-section-boxed elementor-section-height-default elementor-section-height-default\" data-id=\"2ab0247\" data-element_type=\"section\" data-settings=\"{&quot;stretch_section&quot;:&quot;section-stretched&quot;,&quot;background_background&quot;:&quot;classic&quot;}\">\n\t\t\t\t\t\t<div class=\"elementor-container elementor-column-gap-default\">\n\t\t\t\t\t<div class=\"elementor-column elementor-col-33 elementor-top-column elementor-element elementor-element-c5950f5\" data-id=\"c5950f5\" data-element_type=\"column\" data-settings=\"{&quot;background_background&quot;:&quot;classic&quot;}\">\n\t\t\t<div class=\"elementor-widget-wrap elementor-element-populated\">\n\t\t\t\t\t\t\t\t<div class=\"elementor-element elementor-element-3efd5b6 elementor-widget elementor-widget-heading\" data-id=\"3efd5b6\" data-element_type=\"widget\" data-widget_type=\"heading.default\">\n\t\t\t\t<div class=\"elementor-widget-container\">\n\t\t\t<h3 class=\"elementor-heading-title elementor-size-default\">Jo\u00e3o Branco<\/h3>\t\t<\/div>\n\t\t\t\t<\/div>\n\t\t\t\t<div class=\"elementor-element elementor-element-079eb3f elementor-widget elementor-widget-image\" data-id=\"079eb3f\" data-element_type=\"widget\" data-widget_type=\"image.default\">\n\t\t\t\t<div class=\"elementor-widget-container\">\n\t\t\t\t\t\t\t\t\t\t\t\t\t\t\t\t<a href=\"https:\/\/www.instagram.com\/falajoaobranco\/\" target=\"_blank\">\n\t\t\t\t\t\t\t<img loading=\"lazy\" decoding=\"async\" width=\"300\" height=\"300\" src=\"https:\/\/eventosfcdlmg.org.br\/ce2023\/wp-content\/uploads\/2023\/05\/Joao-Branco-300x300.jpg\" class=\"attachment-medium size-medium\" alt=\"\" srcset=\"https:\/\/eventosfcdlmg.org.br\/ce2023\/wp-content\/uploads\/2023\/05\/Joao-Branco-150x150@2x.jpg 300w, https:\/\/eventosfcdlmg.org.br\/ce2023\/wp-content\/uploads\/2023\/05\/Joao-Branco-1024x1024.jpg 1024w, https:\/\/eventosfcdlmg.org.br\/ce2023\/wp-content\/uploads\/2023\/05\/Joao-Branco-150x150.jpg 150w, https:\/\/eventosfcdlmg.org.br\/ce2023\/wp-content\/uploads\/2023\/05\/Joao-Branco-1536x1536.jpg 1536w, https:\/\/eventosfcdlmg.org.br\/ce2023\/wp-content\/uploads\/2023\/05\/Joao-Branco-400x400.jpg 400w, https:\/\/eventosfcdlmg.org.br\/ce2023\/wp-content\/uploads\/2023\/05\/Joao-Branco.jpg 1600w, https:\/\/eventosfcdlmg.org.br\/ce2023\/wp-content\/uploads\/2023\/05\/Joao-Branco-300x300@2x.jpg 600w, https:\/\/eventosfcdlmg.org.br\/ce2023\/wp-content\/uploads\/2023\/05\/Joao-Branco-400x400@2x.jpg 800w\" sizes=\"auto, (max-width: 300px) 100vw, 300px\" \/>\t\t\t\t\t\t\t\t<\/a>\n\t\t\t\t\t\t\t\t\t\t\t\t\t\t\t<\/div>\n\t\t\t\t<\/div>\n\t\t\t\t<div class=\"elementor-element elementor-element-d9ac55c elementor-widget elementor-widget-text-editor\" data-id=\"d9ac55c\" data-element_type=\"widget\" data-widget_type=\"text-editor.default\">\n\t\t\t\t<div class=\"elementor-widget-container\">\n\t\t\t\t\t\t\t<p>Um dos dez melhores profissionais de marketing do Brasil segundo a Forbes. Como Vice-Presidente de marketing do McDonald&#8217;s, liderou o time que bateu todos os recordes da hist\u00f3ria do &#8220;M\u00e9qui&#8221; no Brasil. Jo\u00e3o \u00e9 professor e colunista na Exame e UOL. Autor do livro best-seller &#8220;D\u00ea Prop\u00f3sito&#8221; e um dos executivos mais influentes do Brasil.<\/p>\t\t\t\t\t\t<\/div>\n\t\t\t\t<\/div>\n\t\t\t\t\t<\/div>\n\t\t<\/div>\n\t\t\t\t<div class=\"elementor-column elementor-col-33 elementor-top-column elementor-element elementor-element-380a71b\" data-id=\"380a71b\" data-element_type=\"column\" data-settings=\"{&quot;background_background&quot;:&quot;classic&quot;}\">\n\t\t\t<div class=\"elementor-widget-wrap elementor-element-populated\">\n\t\t\t\t\t\t\t\t<div class=\"elementor-element elementor-element-da2fd5c elementor-widget elementor-widget-heading\" data-id=\"da2fd5c\" data-element_type=\"widget\" data-widget_type=\"heading.default\">\n\t\t\t\t<div class=\"elementor-widget-container\">\n\t\t\t<h3 class=\"elementor-heading-title elementor-size-default\">Lucas Lima<\/h3>\t\t<\/div>\n\t\t\t\t<\/div>\n\t\t\t\t<div class=\"elementor-element elementor-element-05aef5c elementor-widget elementor-widget-image\" data-id=\"05aef5c\" data-element_type=\"widget\" data-widget_type=\"image.default\">\n\t\t\t\t<div class=\"elementor-widget-container\">\n\t\t\t\t\t\t\t\t\t\t\t\t\t\t\t\t<a href=\"https:\/\/www.linkedin.com\/in\/heylucaslima\/?originalSubdomain=br\" target=\"_blank\">\n\t\t\t\t\t\t\t<img loading=\"lazy\" decoding=\"async\" width=\"262\" height=\"300\" src=\"https:\/\/eventosfcdlmg.org.br\/ce2023\/wp-content\/uploads\/2023\/06\/Lucas-Lima-262x300.jpg\" class=\"attachment-medium size-medium\" alt=\"\" srcset=\"https:\/\/eventosfcdlmg.org.br\/ce2023\/wp-content\/uploads\/2023\/06\/Lucas-Lima-262x300.jpg 262w, https:\/\/eventosfcdlmg.org.br\/ce2023\/wp-content\/uploads\/2023\/06\/Lucas-Lima-460x526.jpg 460w, https:\/\/eventosfcdlmg.org.br\/ce2023\/wp-content\/uploads\/2023\/06\/Lucas-Lima.jpg 788w, https:\/\/eventosfcdlmg.org.br\/ce2023\/wp-content\/uploads\/2023\/06\/Lucas-Lima-262x300@2x.jpg 524w\" sizes=\"auto, (max-width: 262px) 100vw, 262px\" \/>\t\t\t\t\t\t\t\t<\/a>\n\t\t\t\t\t\t\t\t\t\t\t\t\t\t\t<\/div>\n\t\t\t\t<\/div>\n\t\t\t\t<div class=\"elementor-element elementor-element-f06fa45 elementor-widget elementor-widget-text-editor\" data-id=\"f06fa45\" data-element_type=\"widget\" data-widget_type=\"text-editor.default\">\n\t\t\t\t<div class=\"elementor-widget-container\">\n\t\t\t\t\t\t\t<p>P\u00f3s-graduado em Neg\u00f3cios Digitais, fundador s\u00f3cio executivo da Profissas &#8211; Escola de Habilidades Humanas e Diversidade, s\u00f3cio e ex-CEO do AAA, Edtech de inova\u00e7\u00e3o fundada por Ricardo Amorim, S\u00f3cio e Board Member da Inevitable.<\/p>\t\t\t\t\t\t<\/div>\n\t\t\t\t<\/div>\n\t\t\t\t\t<\/div>\n\t\t<\/div>\n\t\t\t\t<div class=\"elementor-column elementor-col-33 elementor-top-column elementor-element elementor-element-f41c2ab\" data-id=\"f41c2ab\" data-element_type=\"column\" data-settings=\"{&quot;background_background&quot;:&quot;classic&quot;}\">\n\t\t\t<div class=\"elementor-widget-wrap elementor-element-populated\">\n\t\t\t\t\t\t\t\t<div class=\"elementor-element elementor-element-cae15b8 elementor-widget elementor-widget-heading\" data-id=\"cae15b8\" data-element_type=\"widget\" data-widget_type=\"heading.default\">\n\t\t\t\t<div class=\"elementor-widget-container\">\n\t\t\t<h3 class=\"elementor-heading-title elementor-size-default\">Manoel Proc\u00f3pio J\u00fanior<\/h3>\t\t<\/div>\n\t\t\t\t<\/div>\n\t\t\t\t<div class=\"elementor-element elementor-element-43f86af elementor-widget elementor-widget-image\" data-id=\"43f86af\" data-element_type=\"widget\" data-widget_type=\"image.default\">\n\t\t\t\t<div class=\"elementor-widget-container\">\n\t\t\t\t\t\t\t\t\t\t\t\t\t\t\t<img loading=\"lazy\" decoding=\"async\" width=\"277\" height=\"300\" src=\"https:\/\/eventosfcdlmg.org.br\/ce2023\/wp-content\/uploads\/2023\/06\/Manoel-Junior-277x300.jpeg\" class=\"attachment-medium size-medium\" alt=\"\" srcset=\"https:\/\/eventosfcdlmg.org.br\/ce2023\/wp-content\/uploads\/2023\/06\/Manoel-Junior-277x300.jpeg 277w, https:\/\/eventosfcdlmg.org.br\/ce2023\/wp-content\/uploads\/2023\/06\/Manoel-Junior-420x456.jpeg 420w, https:\/\/eventosfcdlmg.org.br\/ce2023\/wp-content\/uploads\/2023\/06\/Manoel-Junior.jpeg 944w, https:\/\/eventosfcdlmg.org.br\/ce2023\/wp-content\/uploads\/2023\/06\/Manoel-Junior-277x300@2x.jpeg 554w, https:\/\/eventosfcdlmg.org.br\/ce2023\/wp-content\/uploads\/2023\/06\/Manoel-Junior-420x456@2x.jpeg 840w\" sizes=\"auto, (max-width: 277px) 100vw, 277px\" \/>\t\t\t\t\t\t\t\t\t\t\t\t\t\t\t<\/div>\n\t\t\t\t<\/div>\n\t\t\t\t<div class=\"elementor-element elementor-element-d28e32b elementor-widget elementor-widget-text-editor\" data-id=\"d28e32b\" data-element_type=\"widget\" data-widget_type=\"text-editor.default\">\n\t\t\t\t<div class=\"elementor-widget-container\">\n\t\t\t\t\t\t\t<p>Diretor da Secret\u00e1ria Extraordin\u00e1ria da Reforma Tribut\u00e1ria do Minist\u00e9rio da Fazenda. \u00c9 Auditor Fiscal da Receita Estadual do Estado de Minas Gerais desde 1994.\u00a0<\/p>\t\t\t\t\t\t<\/div>\n\t\t\t\t<\/div>\n\t\t\t\t\t<\/div>\n\t\t<\/div>\n\t\t\t\t\t\t\t<\/div>\n\t\t<\/section>\n\t\t\t\t<section class=\"elementor-section elementor-top-section elementor-element elementor-element-d187f87 elementor-section-stretched elementor-section-boxed elementor-section-height-default elementor-section-height-default\" data-id=\"d187f87\" data-element_type=\"section\" data-settings=\"{&quot;stretch_section&quot;:&quot;section-stretched&quot;,&quot;background_background&quot;:&quot;classic&quot;}\">\n\t\t\t\t\t\t<div class=\"elementor-container elementor-column-gap-default\">\n\t\t\t\t\t<div class=\"elementor-column elementor-col-33 elementor-top-column elementor-element elementor-element-c7682d5\" data-id=\"c7682d5\" data-element_type=\"column\" data-settings=\"{&quot;background_background&quot;:&quot;classic&quot;}\">\n\t\t\t<div class=\"elementor-widget-wrap elementor-element-populated\">\n\t\t\t\t\t\t\t\t<div class=\"elementor-element elementor-element-1c8d97b elementor-widget elementor-widget-heading\" data-id=\"1c8d97b\" data-element_type=\"widget\" data-widget_type=\"heading.default\">\n\t\t\t\t<div class=\"elementor-widget-container\">\n\t\t\t<h3 class=\"elementor-heading-title elementor-size-default\">Marcelo Nogueira Morais<\/h3>\t\t<\/div>\n\t\t\t\t<\/div>\n\t\t\t\t<div class=\"elementor-element elementor-element-2c993de elementor-widget elementor-widget-image\" data-id=\"2c993de\" data-element_type=\"widget\" data-widget_type=\"image.default\">\n\t\t\t\t<div class=\"elementor-widget-container\">\n\t\t\t\t\t\t\t\t\t\t\t\t\t\t\t\t<a href=\"https:\/\/www.linkedin.com\/in\/marcelo-nogueira-de-morais-4ba53b60\/?originalSubdomain=br\" target=\"_blank\">\n\t\t\t\t\t\t\t<img loading=\"lazy\" decoding=\"async\" width=\"298\" height=\"300\" src=\"https:\/\/eventosfcdlmg.org.br\/ce2023\/wp-content\/uploads\/2023\/05\/marcelo-morais-298x300.jpg\" class=\"attachment-medium size-medium\" alt=\"\" srcset=\"https:\/\/eventosfcdlmg.org.br\/ce2023\/wp-content\/uploads\/2023\/05\/marcelo-morais-298x300.jpg 298w, https:\/\/eventosfcdlmg.org.br\/ce2023\/wp-content\/uploads\/2023\/05\/marcelo-morais-150x150.jpg 150w, https:\/\/eventosfcdlmg.org.br\/ce2023\/wp-content\/uploads\/2023\/05\/marcelo-morais.jpg 616w, https:\/\/eventosfcdlmg.org.br\/ce2023\/wp-content\/uploads\/2023\/05\/marcelo-morais-298x300@2x.jpg 596w, https:\/\/eventosfcdlmg.org.br\/ce2023\/wp-content\/uploads\/2023\/05\/marcelo-morais-150x150@2x.jpg 300w\" sizes=\"auto, (max-width: 298px) 100vw, 298px\" \/>\t\t\t\t\t\t\t\t<\/a>\n\t\t\t\t\t\t\t\t\t\t\t\t\t\t\t<\/div>\n\t\t\t\t<\/div>\n\t\t\t\t<div class=\"elementor-element elementor-element-350aba0 elementor-widget elementor-widget-text-editor\" data-id=\"350aba0\" data-element_type=\"widget\" data-widget_type=\"text-editor.default\">\n\t\t\t\t<div class=\"elementor-widget-container\">\n\t\t\t\t\t\t\t<p>Mestre em Direito P\u00fablico pela PUC MG, MBA &#8211; P\u00f3s Graduado em Direito Tribut\u00e1rio pela Funda\u00e7\u00e3o Get\u00falio Vargas, com a extens\u00e3o internacional cursada na UCI &#8211; Universidade da Calif\u00f3rnia US, campos de Irvine. Professor em cursos de P\u00f3s-gradua\u00e7\u00e3o e Especializa\u00e7\u00e3o. Advogado tributarista no escrit\u00f3rio Almeida Melo Sociedade de Advogados.\u00a0<\/p>\t\t\t\t\t\t<\/div>\n\t\t\t\t<\/div>\n\t\t\t\t\t<\/div>\n\t\t<\/div>\n\t\t\t\t<div class=\"elementor-column elementor-col-33 elementor-top-column elementor-element elementor-element-0aa86d6\" data-id=\"0aa86d6\" data-element_type=\"column\" data-settings=\"{&quot;background_background&quot;:&quot;classic&quot;}\">\n\t\t\t<div class=\"elementor-widget-wrap elementor-element-populated\">\n\t\t\t\t\t\t\t\t<div class=\"elementor-element elementor-element-9d33275 elementor-widget elementor-widget-heading\" data-id=\"9d33275\" data-element_type=\"widget\" data-widget_type=\"heading.default\">\n\t\t\t\t<div class=\"elementor-widget-container\">\n\t\t\t<h3 class=\"elementor-heading-title elementor-size-default\">Marcelo de Souza e Silva<\/h3>\t\t<\/div>\n\t\t\t\t<\/div>\n\t\t\t\t<div class=\"elementor-element elementor-element-2eb2d37 elementor-widget elementor-widget-image\" data-id=\"2eb2d37\" data-element_type=\"widget\" data-widget_type=\"image.default\">\n\t\t\t\t<div class=\"elementor-widget-container\">\n\t\t\t\t\t\t\t\t\t\t\t\t\t\t\t\t<a href=\"https:\/\/www.instagram.com\/marcelosouzabh\/\" target=\"_blank\">\n\t\t\t\t\t\t\t<img loading=\"lazy\" decoding=\"async\" width=\"300\" height=\"252\" src=\"https:\/\/eventosfcdlmg.org.br\/ce2023\/wp-content\/uploads\/2023\/06\/Marcelo-de-Souza-e-Silva-2-300x252.jpg\" class=\"attachment-medium size-medium\" alt=\"\" srcset=\"https:\/\/eventosfcdlmg.org.br\/ce2023\/wp-content\/uploads\/2023\/06\/Marcelo-de-Souza-e-Silva-2-300x252.jpg 300w, https:\/\/eventosfcdlmg.org.br\/ce2023\/wp-content\/uploads\/2023\/06\/Marcelo-de-Souza-e-Silva-2-1024x862.jpg 1024w, https:\/\/eventosfcdlmg.org.br\/ce2023\/wp-content\/uploads\/2023\/06\/Marcelo-de-Souza-e-Silva-2-1536x1292.jpg 1536w, https:\/\/eventosfcdlmg.org.br\/ce2023\/wp-content\/uploads\/2023\/06\/Marcelo-de-Souza-e-Silva-2-2048x1723.jpg 2048w, https:\/\/eventosfcdlmg.org.br\/ce2023\/wp-content\/uploads\/2023\/06\/Marcelo-de-Souza-e-Silva-2-300x252@2x.jpg 600w\" sizes=\"auto, (max-width: 300px) 100vw, 300px\" \/>\t\t\t\t\t\t\t\t<\/a>\n\t\t\t\t\t\t\t\t\t\t\t\t\t\t\t<\/div>\n\t\t\t\t<\/div>\n\t\t\t\t<div class=\"elementor-element elementor-element-a7e53c2 elementor-widget elementor-widget-text-editor\" data-id=\"a7e53c2\" data-element_type=\"widget\" data-widget_type=\"text-editor.default\">\n\t\t\t\t<div class=\"elementor-widget-container\">\n\t\t\t\t\t\t\t<p>Presidente da C\u00e2mara de Dirigentes Lojistas de Belo Horizonte (CDL\/BH) e do Conselho Deliberativo do Sebrae Minas.<\/p>\t\t\t\t\t\t<\/div>\n\t\t\t\t<\/div>\n\t\t\t\t\t<\/div>\n\t\t<\/div>\n\t\t\t\t<div class=\"elementor-column elementor-col-33 elementor-top-column elementor-element elementor-element-b799881\" data-id=\"b799881\" data-element_type=\"column\" data-settings=\"{&quot;background_background&quot;:&quot;classic&quot;}\">\n\t\t\t<div class=\"elementor-widget-wrap elementor-element-populated\">\n\t\t\t\t\t\t\t\t<div class=\"elementor-element elementor-element-5a2b2d2 elementor-widget elementor-widget-heading\" data-id=\"5a2b2d2\" data-element_type=\"widget\" data-widget_type=\"heading.default\">\n\t\t\t\t<div class=\"elementor-widget-container\">\n\t\t\t<h3 class=\"elementor-heading-title elementor-size-default\">Newton Cardoso Jr<\/h3>\t\t<\/div>\n\t\t\t\t<\/div>\n\t\t\t\t<div class=\"elementor-element elementor-element-6b3a1f0 elementor-widget elementor-widget-image\" data-id=\"6b3a1f0\" data-element_type=\"widget\" data-widget_type=\"image.default\">\n\t\t\t\t<div class=\"elementor-widget-container\">\n\t\t\t\t\t\t\t\t\t\t\t\t\t\t\t\t<a href=\"https:\/\/www.instagram.com\/newtoncardosojr\/\" target=\"_blank\">\n\t\t\t\t\t\t\t<img loading=\"lazy\" decoding=\"async\" width=\"265\" height=\"300\" src=\"https:\/\/eventosfcdlmg.org.br\/ce2023\/wp-content\/uploads\/2023\/05\/Newton-Cardoso-265x300.jpg\" class=\"attachment-medium size-medium\" alt=\"\" srcset=\"https:\/\/eventosfcdlmg.org.br\/ce2023\/wp-content\/uploads\/2023\/05\/Newton-Cardoso-265x300.jpg 265w, https:\/\/eventosfcdlmg.org.br\/ce2023\/wp-content\/uploads\/2023\/05\/Newton-Cardoso.jpg 659w, https:\/\/eventosfcdlmg.org.br\/ce2023\/wp-content\/uploads\/2023\/05\/Newton-Cardoso-265x300@2x.jpg 530w\" sizes=\"auto, (max-width: 265px) 100vw, 265px\" \/>\t\t\t\t\t\t\t\t<\/a>\n\t\t\t\t\t\t\t\t\t\t\t\t\t\t\t<\/div>\n\t\t\t\t<\/div>\n\t\t\t\t<div class=\"elementor-element elementor-element-04a04a6 elementor-widget elementor-widget-text-editor\" data-id=\"04a04a6\" data-element_type=\"widget\" data-widget_type=\"text-editor.default\">\n\t\t\t\t<div class=\"elementor-widget-container\">\n\t\t\t\t\t\t\t<p>Reeleito para o terceiro mandato de Deputado Federal, Newton Cardoso Jr, 43 anos,\u00a0\u00e9 Administrador de Empresas e possui um perfil din\u00e2mico e empreendedor.\u00a0\u00c9 Presidente do MDB Mineiro e faz parte do Grupo de Trabalho que discute a Reforma Tribut\u00e1ria na C\u00e2mara dos Deputados.<\/p>\t\t\t\t\t\t<\/div>\n\t\t\t\t<\/div>\n\t\t\t\t\t<\/div>\n\t\t<\/div>\n\t\t\t\t\t\t\t<\/div>\n\t\t<\/section>\n\t\t\t\t<section class=\"elementor-section elementor-top-section elementor-element elementor-element-a9024ec elementor-section-stretched elementor-section-boxed elementor-section-height-default elementor-section-height-default\" data-id=\"a9024ec\" data-element_type=\"section\" data-settings=\"{&quot;stretch_section&quot;:&quot;section-stretched&quot;,&quot;background_background&quot;:&quot;classic&quot;}\">\n\t\t\t\t\t\t<div class=\"elementor-container elementor-column-gap-default\">\n\t\t\t\t\t<div class=\"elementor-column elementor-col-33 elementor-top-column elementor-element elementor-element-13e940d\" data-id=\"13e940d\" data-element_type=\"column\" data-settings=\"{&quot;background_background&quot;:&quot;classic&quot;}\">\n\t\t\t<div class=\"elementor-widget-wrap elementor-element-populated\">\n\t\t\t\t\t\t\t\t<div class=\"elementor-element elementor-element-bcb108d elementor-widget elementor-widget-heading\" data-id=\"bcb108d\" data-element_type=\"widget\" data-widget_type=\"heading.default\">\n\t\t\t\t<div class=\"elementor-widget-container\">\n\t\t\t<h3 class=\"elementor-heading-title elementor-size-default\">Paula Harraca<\/h3>\t\t<\/div>\n\t\t\t\t<\/div>\n\t\t\t\t<div class=\"elementor-element elementor-element-23a76f1 elementor-widget elementor-widget-image\" data-id=\"23a76f1\" data-element_type=\"widget\" data-widget_type=\"image.default\">\n\t\t\t\t<div class=\"elementor-widget-container\">\n\t\t\t\t\t\t\t\t\t\t\t\t\t\t\t\t<a href=\"https:\/\/www.instagram.com\/paula.harraca\/\" target=\"_blank\">\n\t\t\t\t\t\t\t<img loading=\"lazy\" decoding=\"async\" width=\"254\" height=\"300\" src=\"https:\/\/eventosfcdlmg.org.br\/ce2023\/wp-content\/uploads\/2023\/05\/Paula-Harraca_-254x300.jpg\" class=\"attachment-medium size-medium\" alt=\"\" srcset=\"https:\/\/eventosfcdlmg.org.br\/ce2023\/wp-content\/uploads\/2023\/05\/Paula-Harraca_-254x300.jpg 254w, https:\/\/eventosfcdlmg.org.br\/ce2023\/wp-content\/uploads\/2023\/05\/Paula-Harraca_.jpg 669w, https:\/\/eventosfcdlmg.org.br\/ce2023\/wp-content\/uploads\/2023\/05\/Paula-Harraca_-254x300@2x.jpg 508w\" sizes=\"auto, (max-width: 254px) 100vw, 254px\" \/>\t\t\t\t\t\t\t\t<\/a>\n\t\t\t\t\t\t\t\t\t\t\t\t\t\t\t<\/div>\n\t\t\t\t<\/div>\n\t\t\t\t<div class=\"elementor-element elementor-element-fbe6fac elementor-widget elementor-widget-text-editor\" data-id=\"fbe6fac\" data-element_type=\"widget\" data-widget_type=\"text-editor.default\">\n\t\t\t\t<div class=\"elementor-widget-container\">\n\t\t\t\t\t\t\t<p>Autora, executiva refer\u00eancia em ESG, Inova\u00e7\u00e3o e Gest\u00e3o de Pessoas. L\u00edder premiada, soma 25 anos de experi\u00eancia no desenvolvimento do potencial humano e na constru\u00e7\u00e3o de neg\u00f3cios capazes de alinhar lucro e prop\u00f3sito. M<span style=\"font-family: var( --e-global-typography-text-font-family ), Sans-serif; font-weight: var( --e-global-typography-text-font-weight );\">ovida pelo prop\u00f3sito de cocriar futuros melhores e inspirar empresas a desenvolverem neg\u00f3cios sustent\u00e1veis.<\/span><\/p>\t\t\t\t\t\t<\/div>\n\t\t\t\t<\/div>\n\t\t\t\t\t<\/div>\n\t\t<\/div>\n\t\t\t\t<div class=\"elementor-column elementor-col-33 elementor-top-column elementor-element elementor-element-d62418a\" data-id=\"d62418a\" data-element_type=\"column\" data-settings=\"{&quot;background_background&quot;:&quot;classic&quot;}\">\n\t\t\t<div class=\"elementor-widget-wrap elementor-element-populated\">\n\t\t\t\t\t\t\t\t<div class=\"elementor-element elementor-element-e007ee1 elementor-widget elementor-widget-heading\" data-id=\"e007ee1\" data-element_type=\"widget\" data-widget_type=\"heading.default\">\n\t\t\t\t<div class=\"elementor-widget-container\">\n\t\t\t<h3 class=\"elementor-heading-title elementor-size-default\">Paulo Leite<\/h3>\t\t<\/div>\n\t\t\t\t<\/div>\n\t\t\t\t<div class=\"elementor-element elementor-element-53281ec elementor-widget elementor-widget-image\" data-id=\"53281ec\" data-element_type=\"widget\" data-widget_type=\"image.default\">\n\t\t\t\t<div class=\"elementor-widget-container\">\n\t\t\t\t\t\t\t\t\t\t\t\t\t\t\t\t<a href=\"https:\/\/www.instagram.com\/pauloleitemg\/\" target=\"_blank\">\n\t\t\t\t\t\t\t<img loading=\"lazy\" decoding=\"async\" width=\"296\" height=\"300\" src=\"https:\/\/eventosfcdlmg.org.br\/ce2023\/wp-content\/uploads\/2023\/06\/Paulo-Leite-296x300.jpeg\" class=\"attachment-medium size-medium\" alt=\"\" srcset=\"https:\/\/eventosfcdlmg.org.br\/ce2023\/wp-content\/uploads\/2023\/06\/Paulo-Leite-296x300.jpeg 296w, https:\/\/eventosfcdlmg.org.br\/ce2023\/wp-content\/uploads\/2023\/06\/Paulo-Leite-1009x1024.jpeg 1009w, https:\/\/eventosfcdlmg.org.br\/ce2023\/wp-content\/uploads\/2023\/06\/Paulo-Leite.jpeg 1419w, https:\/\/eventosfcdlmg.org.br\/ce2023\/wp-content\/uploads\/2023\/06\/Paulo-Leite-296x300@2x.jpeg 592w\" sizes=\"auto, (max-width: 296px) 100vw, 296px\" \/>\t\t\t\t\t\t\t\t<\/a>\n\t\t\t\t\t\t\t\t\t\t\t\t\t\t\t<\/div>\n\t\t\t\t<\/div>\n\t\t\t\t<div class=\"elementor-element elementor-element-9f3a2a5 elementor-widget elementor-widget-text-editor\" data-id=\"9f3a2a5\" data-element_type=\"widget\" data-widget_type=\"text-editor.default\">\n\t\t\t\t<div class=\"elementor-widget-container\">\n\t\t\t\t\t\t\t<p style=\"text-align: center;\">Soci\u00f3logo e Jornalista. Apresentador e Comentarista das R\u00e1dios CDL-FM e 98 FM. Apresenta ao lado de Fernando Cardoso o Conectamente da CDL FM.<\/p>\t\t\t\t\t\t<\/div>\n\t\t\t\t<\/div>\n\t\t\t\t\t<\/div>\n\t\t<\/div>\n\t\t\t\t<div class=\"elementor-column elementor-col-33 elementor-top-column elementor-element elementor-element-d12d356\" data-id=\"d12d356\" data-element_type=\"column\" data-settings=\"{&quot;background_background&quot;:&quot;classic&quot;}\">\n\t\t\t<div class=\"elementor-widget-wrap elementor-element-populated\">\n\t\t\t\t\t\t\t\t<div class=\"elementor-element elementor-element-1cd86f2 elementor-widget elementor-widget-heading\" data-id=\"1cd86f2\" data-element_type=\"widget\" data-widget_type=\"heading.default\">\n\t\t\t\t<div class=\"elementor-widget-container\">\n\t\t\t<h3 class=\"elementor-heading-title elementor-size-default\">Rafael Kahane<\/h3>\t\t<\/div>\n\t\t\t\t<\/div>\n\t\t\t\t<div class=\"elementor-element elementor-element-e01c585 elementor-widget elementor-widget-image\" data-id=\"e01c585\" data-element_type=\"widget\" data-widget_type=\"image.default\">\n\t\t\t\t<div class=\"elementor-widget-container\">\n\t\t\t\t\t\t\t\t\t\t\t\t\t\t\t\t<a href=\"https:\/\/www.linkedin.com\/in\/rafaelkahane\/\" target=\"_blank\">\n\t\t\t\t\t\t\t<img loading=\"lazy\" decoding=\"async\" width=\"200\" height=\"300\" src=\"https:\/\/eventosfcdlmg.org.br\/ce2023\/wp-content\/uploads\/2023\/06\/Rafael-Solides-e1686001145899-200x300.jpeg\" class=\"attachment-medium size-medium\" alt=\"\" srcset=\"https:\/\/eventosfcdlmg.org.br\/ce2023\/wp-content\/uploads\/2023\/06\/Rafael-Solides-e1686001145899-200x300.jpeg 200w, https:\/\/eventosfcdlmg.org.br\/ce2023\/wp-content\/uploads\/2023\/06\/Rafael-Solides-e1686001145899-682x1024.jpeg 682w, https:\/\/eventosfcdlmg.org.br\/ce2023\/wp-content\/uploads\/2023\/06\/Rafael-Solides-e1686001145899-768x1153.jpeg 768w, https:\/\/eventosfcdlmg.org.br\/ce2023\/wp-content\/uploads\/2023\/06\/Rafael-Solides-e1686001145899.jpeg 788w\" sizes=\"auto, (max-width: 200px) 100vw, 200px\" \/>\t\t\t\t\t\t\t\t<\/a>\n\t\t\t\t\t\t\t\t\t\t\t\t\t\t\t<\/div>\n\t\t\t\t<\/div>\n\t\t\t\t<div class=\"elementor-element elementor-element-ef2d4e2 elementor-widget elementor-widget-text-editor\" data-id=\"ef2d4e2\" data-element_type=\"widget\" data-widget_type=\"text-editor.default\">\n\t\t\t\t<div class=\"elementor-widget-container\">\n\t\t\t\t\t\t\t<p>CMO na S\u00f3lides, maior empresa de tecnologia para gest\u00e3o de pessoas e departamento pessoal do Brasil, com mais de 10 anos de experi\u00eancia em lideran\u00e7a, gest\u00e3o de projetos e desenvolvimento de neg\u00f3cios. \u00c9 formado em Publicidade e Propaganda, e mestrado profissional em Comportamento e Ci\u00eancias do Consumo pela Escola Superior De Propaganda e Marketing.<\/p>\t\t\t\t\t\t<\/div>\n\t\t\t\t<\/div>\n\t\t\t\t\t<\/div>\n\t\t<\/div>\n\t\t\t\t\t\t\t<\/div>\n\t\t<\/section>\n\t\t\t\t<section class=\"elementor-section elementor-top-section elementor-element elementor-element-f7f8cf4 elementor-section-stretched elementor-section-boxed elementor-section-height-default elementor-section-height-default\" data-id=\"f7f8cf4\" data-element_type=\"section\" data-settings=\"{&quot;stretch_section&quot;:&quot;section-stretched&quot;,&quot;background_background&quot;:&quot;classic&quot;}\">\n\t\t\t\t\t\t<div class=\"elementor-container elementor-column-gap-default\">\n\t\t\t\t\t<div class=\"elementor-column elementor-col-33 elementor-top-column elementor-element elementor-element-fe256d7\" data-id=\"fe256d7\" data-element_type=\"column\" data-settings=\"{&quot;background_background&quot;:&quot;classic&quot;}\">\n\t\t\t<div class=\"elementor-widget-wrap elementor-element-populated\">\n\t\t\t\t\t\t\t\t<div class=\"elementor-element elementor-element-56dfb00 elementor-widget elementor-widget-heading\" data-id=\"56dfb00\" data-element_type=\"widget\" data-widget_type=\"heading.default\">\n\t\t\t\t<div class=\"elementor-widget-container\">\n\t\t\t<h3 class=\"elementor-heading-title elementor-size-default\">Renato Fernandes \n<\/h3>\t\t<\/div>\n\t\t\t\t<\/div>\n\t\t\t\t<div class=\"elementor-element elementor-element-ed97e48 elementor-widget elementor-widget-image\" data-id=\"ed97e48\" data-element_type=\"widget\" data-widget_type=\"image.default\">\n\t\t\t\t<div class=\"elementor-widget-container\">\n\t\t\t\t\t\t\t\t\t\t\t\t\t\t\t\t<a href=\"https:\/\/www.instagram.com\/breadbakerbr\/\" target=\"_blank\">\n\t\t\t\t\t\t\t<img loading=\"lazy\" decoding=\"async\" width=\"200\" height=\"300\" src=\"https:\/\/eventosfcdlmg.org.br\/ce2023\/wp-content\/uploads\/2023\/05\/Renato-Fernandes-200x300.jpg\" class=\"attachment-medium size-medium\" alt=\"\" srcset=\"https:\/\/eventosfcdlmg.org.br\/ce2023\/wp-content\/uploads\/2023\/05\/Renato-Fernandes-200x300.jpg 200w, https:\/\/eventosfcdlmg.org.br\/ce2023\/wp-content\/uploads\/2023\/05\/Renato-Fernandes-682x1024.jpg 682w, https:\/\/eventosfcdlmg.org.br\/ce2023\/wp-content\/uploads\/2023\/05\/Renato-Fernandes-1023x1536.jpg 1023w, https:\/\/eventosfcdlmg.org.br\/ce2023\/wp-content\/uploads\/2023\/05\/Renato-Fernandes.jpg 1066w, https:\/\/eventosfcdlmg.org.br\/ce2023\/wp-content\/uploads\/2023\/05\/Renato-Fernandes-200x300@2x.jpg 400w\" sizes=\"auto, (max-width: 200px) 100vw, 200px\" \/>\t\t\t\t\t\t\t\t<\/a>\n\t\t\t\t\t\t\t\t\t\t\t\t\t\t\t<\/div>\n\t\t\t\t<\/div>\n\t\t\t\t<div class=\"elementor-element elementor-element-b993ee0 elementor-widget elementor-widget-text-editor\" data-id=\"b993ee0\" data-element_type=\"widget\" data-widget_type=\"text-editor.default\">\n\t\t\t\t<div class=\"elementor-widget-container\">\n\t\t\t\t\t\t\t<p>Analista de sistemas por forma\u00e7\u00e3o, trabalhou na \u00e1rea de tecnologia por mais de 20 anos, at\u00e9 que, movido pelo antigo desejo de empreender, co-fundou em 2020 a Bread Baker, padaria artesanal e cafeteria, que nasceu da busca por fazer p\u00e3es de melhor qualidade que os que comprava na \u00e9poca.\u00a0<\/p>\t\t\t\t\t\t<\/div>\n\t\t\t\t<\/div>\n\t\t\t\t\t<\/div>\n\t\t<\/div>\n\t\t\t\t<div class=\"elementor-column elementor-col-33 elementor-top-column elementor-element elementor-element-46a528b\" data-id=\"46a528b\" data-element_type=\"column\" data-settings=\"{&quot;background_background&quot;:&quot;classic&quot;}\">\n\t\t\t<div class=\"elementor-widget-wrap elementor-element-populated\">\n\t\t\t\t\t\t\t\t<div class=\"elementor-element elementor-element-839eb44 elementor-widget elementor-widget-heading\" data-id=\"839eb44\" data-element_type=\"widget\" data-widget_type=\"heading.default\">\n\t\t\t\t<div class=\"elementor-widget-container\">\n\t\t\t<h3 class=\"elementor-heading-title elementor-size-default\">Roberto Argenta<\/h3>\t\t<\/div>\n\t\t\t\t<\/div>\n\t\t\t\t<div class=\"elementor-element elementor-element-2c43a3d elementor-widget elementor-widget-image\" data-id=\"2c43a3d\" data-element_type=\"widget\" data-widget_type=\"image.default\">\n\t\t\t\t<div class=\"elementor-widget-container\">\n\t\t\t\t\t\t\t\t\t\t\t\t\t\t\t\t<a href=\"https:\/\/www.instagram.com\/argenta.roberto\/\">\n\t\t\t\t\t\t\t<img loading=\"lazy\" decoding=\"async\" width=\"258\" height=\"300\" src=\"https:\/\/eventosfcdlmg.org.br\/ce2023\/wp-content\/uploads\/2023\/05\/Roberto-Argenta-258x300.jpg\" class=\"attachment-medium size-medium\" alt=\"\" srcset=\"https:\/\/eventosfcdlmg.org.br\/ce2023\/wp-content\/uploads\/2023\/05\/Roberto-Argenta-258x300.jpg 258w, https:\/\/eventosfcdlmg.org.br\/ce2023\/wp-content\/uploads\/2023\/05\/Roberto-Argenta.jpg 587w, https:\/\/eventosfcdlmg.org.br\/ce2023\/wp-content\/uploads\/2023\/05\/Roberto-Argenta-258x300@2x.jpg 516w\" sizes=\"auto, (max-width: 258px) 100vw, 258px\" \/>\t\t\t\t\t\t\t\t<\/a>\n\t\t\t\t\t\t\t\t\t\t\t\t\t\t\t<\/div>\n\t\t\t\t<\/div>\n\t\t\t\t<div class=\"elementor-element elementor-element-fa2bc8a elementor-widget elementor-widget-text-editor\" data-id=\"fa2bc8a\" data-element_type=\"widget\" data-widget_type=\"text-editor.default\">\n\t\t\t\t<div class=\"elementor-widget-container\">\n\t\t\t\t\t\t\t<p>Empres\u00e1rio de vis\u00e3o humanista &#8211; Presidente da Cal\u00e7ados Beira Rio S.A., que produz as marcas Beira Rio Conforto, Vizzano, Moleca, BR Sport, entre outras. A companhia \u00e9 um dos maiores players cal\u00e7adistas (sustent\u00e1veis) do Brasil e do mundo, exportando para mais de 97 pa\u00edses.<\/p>\t\t\t\t\t\t<\/div>\n\t\t\t\t<\/div>\n\t\t\t\t\t<\/div>\n\t\t<\/div>\n\t\t\t\t<div class=\"elementor-column elementor-col-33 elementor-top-column elementor-element elementor-element-f29c9a0\" data-id=\"f29c9a0\" data-element_type=\"column\" data-settings=\"{&quot;background_background&quot;:&quot;classic&quot;}\">\n\t\t\t<div class=\"elementor-widget-wrap elementor-element-populated\">\n\t\t\t\t\t\t\t\t<div class=\"elementor-element elementor-element-17dbe61 elementor-widget elementor-widget-heading\" data-id=\"17dbe61\" data-element_type=\"widget\" data-widget_type=\"heading.default\">\n\t\t\t\t<div class=\"elementor-widget-container\">\n\t\t\t<h3 class=\"elementor-heading-title elementor-size-default\">Vicente Carvalho<\/h3>\t\t<\/div>\n\t\t\t\t<\/div>\n\t\t\t\t<div class=\"elementor-element elementor-element-5d30797 elementor-widget elementor-widget-image\" data-id=\"5d30797\" data-element_type=\"widget\" data-widget_type=\"image.default\">\n\t\t\t\t<div class=\"elementor-widget-container\">\n\t\t\t\t\t\t\t\t\t\t\t\t\t\t\t\t<a href=\"https:\/\/www.instagram.com\/vicentecarvalho_\/\" target=\"_blank\">\n\t\t\t\t\t\t\t<img loading=\"lazy\" decoding=\"async\" width=\"245\" height=\"300\" src=\"https:\/\/eventosfcdlmg.org.br\/ce2023\/wp-content\/uploads\/2023\/05\/Vicente-Carvalho-245x300.jpg\" class=\"attachment-medium size-medium\" alt=\"\" srcset=\"https:\/\/eventosfcdlmg.org.br\/ce2023\/wp-content\/uploads\/2023\/05\/Vicente-Carvalho-245x300.jpg 245w, https:\/\/eventosfcdlmg.org.br\/ce2023\/wp-content\/uploads\/2023\/05\/Vicente-Carvalho.jpg 646w, https:\/\/eventosfcdlmg.org.br\/ce2023\/wp-content\/uploads\/2023\/05\/Vicente-Carvalho-245x300@2x.jpg 490w\" sizes=\"auto, (max-width: 245px) 100vw, 245px\" \/>\t\t\t\t\t\t\t\t<\/a>\n\t\t\t\t\t\t\t\t\t\t\t\t\t\t\t<\/div>\n\t\t\t\t<\/div>\n\t\t\t\t<div class=\"elementor-element elementor-element-107604b elementor-widget elementor-widget-text-editor\" data-id=\"107604b\" data-element_type=\"widget\" data-widget_type=\"text-editor.default\">\n\t\t\t\t<div class=\"elementor-widget-container\">\n\t\t\t\t\t\t\t<p>Publicit\u00e1rio, empres\u00e1rio e especialista em design estrat\u00e9gico &#8211; fundador do portal Raz\u00f5es para Acreditar, o maior grupo de m\u00eddias positivas do pa\u00eds.\u00a0<span style=\"font-family: var( --e-global-typography-text-font-family ), Sans-serif; font-weight: var( --e-global-typography-text-font-weight );\">O site virou empresa, que faz projetos com marcas para levar inspira\u00e7\u00e3o e contar hist\u00f3rias transformadoras.<\/span><\/p>\t\t\t\t\t\t<\/div>\n\t\t\t\t<\/div>\n\t\t\t\t\t<\/div>\n\t\t<\/div>\n\t\t\t\t\t\t\t<\/div>\n\t\t<\/section>\n\t\t\t\t<section class=\"elementor-section elementor-top-section elementor-element elementor-element-bd1b99d elementor-section-stretched elementor-section-boxed elementor-section-height-default elementor-section-height-default\" data-id=\"bd1b99d\" data-element_type=\"section\" data-settings=\"{&quot;stretch_section&quot;:&quot;section-stretched&quot;,&quot;background_background&quot;:&quot;classic&quot;}\">\n\t\t\t\t\t\t<div class=\"elementor-container elementor-column-gap-default\">\n\t\t\t\t\t<div class=\"elementor-column elementor-col-33 elementor-top-column elementor-element elementor-element-a096c68\" data-id=\"a096c68\" data-element_type=\"column\" data-settings=\"{&quot;background_background&quot;:&quot;classic&quot;}\">\n\t\t\t<div class=\"elementor-widget-wrap elementor-element-populated\">\n\t\t\t\t\t\t\t\t<div class=\"elementor-element elementor-element-69a104c elementor-widget elementor-widget-heading\" data-id=\"69a104c\" data-element_type=\"widget\" data-widget_type=\"heading.default\">\n\t\t\t\t<div class=\"elementor-widget-container\">\n\t\t\t<h3 class=\"elementor-heading-title elementor-size-default\">Victor Mota<\/h3>\t\t<\/div>\n\t\t\t\t<\/div>\n\t\t\t\t<div class=\"elementor-element elementor-element-ee658c4 elementor-widget elementor-widget-image\" data-id=\"ee658c4\" data-element_type=\"widget\" data-widget_type=\"image.default\">\n\t\t\t\t<div class=\"elementor-widget-container\">\n\t\t\t\t\t\t\t\t\t\t\t\t\t\t\t\t<a href=\"https:\/\/www.instagram.com\/victormotaoficial\/\" target=\"_blank\">\n\t\t\t\t\t\t\t<img loading=\"lazy\" decoding=\"async\" width=\"298\" height=\"300\" src=\"https:\/\/eventosfcdlmg.org.br\/ce2023\/wp-content\/uploads\/2023\/05\/Victor-Mota-298x300.jpg\" class=\"attachment-medium size-medium\" alt=\"\" srcset=\"https:\/\/eventosfcdlmg.org.br\/ce2023\/wp-content\/uploads\/2023\/05\/Victor-Mota-298x300.jpg 298w, https:\/\/eventosfcdlmg.org.br\/ce2023\/wp-content\/uploads\/2023\/05\/Victor-Mota-150x150.jpg 150w, https:\/\/eventosfcdlmg.org.br\/ce2023\/wp-content\/uploads\/2023\/05\/Victor-Mota.jpg 605w, https:\/\/eventosfcdlmg.org.br\/ce2023\/wp-content\/uploads\/2023\/05\/Victor-Mota-298x300@2x.jpg 596w, https:\/\/eventosfcdlmg.org.br\/ce2023\/wp-content\/uploads\/2023\/05\/Victor-Mota-150x150@2x.jpg 300w\" sizes=\"auto, (max-width: 298px) 100vw, 298px\" \/>\t\t\t\t\t\t\t\t<\/a>\n\t\t\t\t\t\t\t\t\t\t\t\t\t\t\t<\/div>\n\t\t\t\t<\/div>\n\t\t\t\t<div class=\"elementor-element elementor-element-fd70a2f elementor-widget elementor-widget-text-editor\" data-id=\"fd70a2f\" data-element_type=\"widget\" data-widget_type=\"text-editor.default\">\n\t\t\t\t<div class=\"elementor-widget-container\">\n\t\t\t\t\t\t\t<p>Especialista em Varejo e Mercado de Consumo do Sebrae Minas. Administrador, especializado em gest\u00e3o de pequenos neg\u00f3cios, em gest\u00e3o de processos e em estrat\u00e9gias comerciais. Atua no desenvolvimento de neg\u00f3cios do varejo desde 2008.<\/p>\t\t\t\t\t\t<\/div>\n\t\t\t\t<\/div>\n\t\t\t\t\t<\/div>\n\t\t<\/div>\n\t\t\t\t<div class=\"elementor-column elementor-col-33 elementor-top-column elementor-element elementor-element-1a33aa0\" data-id=\"1a33aa0\" data-element_type=\"column\">\n\t\t\t<div class=\"elementor-widget-wrap\">\n\t\t\t\t\t\t\t\t\t<\/div>\n\t\t<\/div>\n\t\t\t\t<div class=\"elementor-column elementor-col-33 elementor-top-column elementor-element elementor-element-86f1dc1\" data-id=\"86f1dc1\" data-element_type=\"column\">\n\t\t\t<div class=\"elementor-widget-wrap\">\n\t\t\t\t\t\t\t\t\t<\/div>\n\t\t<\/div>\n\t\t\t\t\t\t\t<\/div>\n\t\t<\/section>\n\t\t\t\t\t\t\t<\/div>\n\t\t","protected":false},"excerpt":{"rendered":"<p>Grandes nomes estar\u00e3o presentes na 27\u00aa Conven\u00e7\u00e3o Estadual 2023 Breno Penoni S\u00f3cio fundador da Bendiz\u00ea, uma marca de moda mineira,\u00a0 de Tiradentes. Atualmente cuida das \u00e1reas de opera\u00e7\u00f5es, planejamento, financeiro e comercial da empresa. Caito Maia Fundador e CEO da Chilli Beans, maior marca de \u00f3culos e acess\u00f3rios da Am\u00e9rica Latina. Al\u00e9m de comandar as&#8230;<\/p>\n","protected":false},"author":1,"featured_media":0,"parent":0,"menu_order":0,"comment_status":"closed","ping_status":"closed","template":"","meta":{"footnotes":""},"class_list":["post-5236","page","type-page","status-publish","hentry"],"_links":{"self":[{"href":"https:\/\/eventosfcdlmg.org.br\/ce2023\/wp-json\/wp\/v2\/pages\/5236","targetHints":{"allow":["GET"]}}],"collection":[{"href":"https:\/\/eventosfcdlmg.org.br\/ce2023\/wp-json\/wp\/v2\/pages"}],"about":[{"href":"https:\/\/eventosfcdlmg.org.br\/ce2023\/wp-json\/wp\/v2\/types\/page"}],"author":[{"embeddable":true,"href":"https:\/\/eventosfcdlmg.org.br\/ce2023\/wp-json\/wp\/v2\/users\/1"}],"replies":[{"embeddable":true,"href":"https:\/\/eventosfcdlmg.org.br\/ce2023\/wp-json\/wp\/v2\/comments?post=5236"}],"version-history":[{"count":189,"href":"https:\/\/eventosfcdlmg.org.br\/ce2023\/wp-json\/wp\/v2\/pages\/5236\/revisions"}],"predecessor-version":[{"id":6113,"href":"https:\/\/eventosfcdlmg.org.br\/ce2023\/wp-json\/wp\/v2\/pages\/5236\/revisions\/6113"}],"wp:attachment":[{"href":"https:\/\/eventosfcdlmg.org.br\/ce2023\/wp-json\/wp\/v2\/media?parent=5236"}],"curies":[{"name":"wp","href":"https:\/\/api.w.org\/{rel}","templated":true}]}}