{"id":12,"date":"2022-10-11T16:11:11","date_gmt":"2022-10-11T19:11:11","guid":{"rendered":"http:\/\/eventosfcdlmg.org.br\/ce2023\/?page_id=12"},"modified":"2025-03-20T09:54:59","modified_gmt":"2025-03-20T12:54:59","slug":"termos-e-condicoes","status":"publish","type":"page","link":"https:\/\/eventosfcdlmg.org.br\/ce2025\/termos-e-condicoes\/","title":{"rendered":"Termos e Condi\u00e7\u00f5es"},"content":{"rendered":"\t\t<div data-elementor-type=\"wp-page\" data-elementor-id=\"12\" class=\"elementor elementor-12\">\n\t\t\t\t\t\t\t\t\t<section class=\"elementor-section elementor-top-section elementor-element elementor-element-2cef0980 elementor-section-boxed elementor-section-height-default elementor-section-height-default\" data-id=\"2cef0980\" data-element_type=\"section\">\n\t\t\t\t\t\t<div class=\"elementor-container elementor-column-gap-default\">\n\t\t\t\t\t<div class=\"elementor-column elementor-col-100 elementor-top-column elementor-element elementor-element-4ef6385c\" data-id=\"4ef6385c\" data-element_type=\"column\">\n\t\t\t<div class=\"elementor-widget-wrap elementor-element-populated\">\n\t\t\t\t\t\t\t\t<div class=\"elementor-element elementor-element-768e52e3 elementor-widget elementor-widget-text-editor\" data-id=\"768e52e3\" data-element_type=\"widget\" data-widget_type=\"text-editor.default\">\n\t\t\t\t<div class=\"elementor-widget-container\">\n\t\t\t<style>\/*! elementor - v3.7.8 - 02-10-2022 *\/\n.elementor-widget-text-editor.elementor-drop-cap-view-stacked .elementor-drop-cap{background-color:#818a91;color:#fff}.elementor-widget-text-editor.elementor-drop-cap-view-framed .elementor-drop-cap{color:#818a91;border:3px solid;background-color:transparent}.elementor-widget-text-editor:not(.elementor-drop-cap-view-default) .elementor-drop-cap{margin-top:8px}.elementor-widget-text-editor:not(.elementor-drop-cap-view-default) .elementor-drop-cap-letter{width:1em;height:1em}.elementor-widget-text-editor .elementor-drop-cap{float:left;text-align:center;line-height:1;font-size:50px}.elementor-widget-text-editor .elementor-drop-cap-letter{display:inline-block}<\/style>\t\t\t\t<h4><strong>Da aceita\u00e7\u00e3o:<\/strong><\/h4>\n<p>O presente Termo estabelece obriga\u00e7\u00f5es contratadas de livre e espont\u00e2nea vontade, por tempo indeterminado, entre a plataforma e as pessoas f\u00edsicas ou jur\u00eddicas.<\/p>\n<h4><strong>Do valor das inscri\u00e7\u00f5es:<\/strong><\/h4>\n<p><!-- \/wp:heading --><!-- wp:paragraph --><\/p>\n<p>O 1\u00ba lote ser\u00e1 no valor de R$997,00, <span style=\"text-decoration: underline;\"><strong>at\u00e9 o dia 25 de abril;<\/strong><\/span><br \/>O 2\u00ba lote ser\u00e1 no valor de R$1297,00, <strong><span style=\"text-decoration: underline;\">de 26 de abril at\u00e9 20 de junho;<\/span><\/strong> <br \/>O 3\u00ba lote ser\u00e1 no valor de R$1447,00, <span style=\"text-decoration: underline;\"><strong>de 21 de junho at\u00e9 dia 8 de agosto.<br \/><\/strong><\/span>O 4\u00ba lote ser\u00e1 no valor de R$1627,00, <span style=\"text-decoration: underline;\"><strong>de 9 de agosto at\u00e9 dia 19 de setembro.<\/strong><\/span><\/p>\n<p>Crian\u00e7as at\u00e9 10 anos <b>n\u00e3o pagam inscri\u00e7\u00e3o para ACESSO AO EVENTO<\/b>.<\/p>\n<p><span style=\"color: #444444;\">O valor da inscri\u00e7\u00e3o d\u00e1 o direito ao participante aos seguintes benef\u00edcios:<\/span><\/p>\n<ul style=\"color: #444444; font-size: 16px; font-weight: 400;\">\n<li style=\"box-sizing: inherit;\">material do participante;<\/li>\n<li style=\"box-sizing: inherit;\">alimenta\u00e7\u00e3o durante o evento, sendo: coquetel na abertura (dia 28\/09), coffee break (dias 29 e 30\/09) e coquetel de encerramento (dia 30\/09). Os materiais do participante, card\u00e1pio (alimentos e bebidas) ser\u00e3o definidos pela equipe organizadora do evento.<\/li>\n<li style=\"box-sizing: inherit;\">certificado de participa\u00e7\u00e3o;<\/li>\n<li style=\"box-sizing: inherit;\">seguro viagem da nossa Central de Seguros com cobertura de prote\u00e7\u00e3o pessoal desde a sa\u00edda para o evento at\u00e9 o retorno <span style=\"color: #ffffff;\">\u00e0 <\/span>resid\u00eancia.<\/li>\n<\/ul>\n<p style=\"box-sizing: inherit; color: #444444; font-size: 16px; font-weight: 400;\">A inscri\u00e7\u00e3o pelo participante somente ocorre ap\u00f3s seu aceite \u00e0s pol\u00edticas do evento, que ocorre com a sua confirma\u00e7\u00e3o e pagamento.<\/p>\n<h4><b style=\"text-align: justify; color: var( --e-global-color-text ); font-family: var( --e-global-typography-text-font-family ), Sans-serif;\"><span style=\"font-size: 12.0pt; font-family: 'Arial',sans-serif; mso-fareast-font-family: 'Times New Roman'; color: #202124; mso-fareast-language: PT-BR;\">Do cadastro\/Inscri\u00e7\u00e3o:<\/span><\/b><\/h4>\n<p style=\"text-align: justify; line-height: normal; background-image: initial; background-position: initial; background-size: initial; background-repeat: initial; background-attachment: initial; background-origin: initial; background-clip: initial;\"><span style=\"font-size: 12.0pt; font-family: 'Arial',sans-serif; mso-fareast-font-family: 'Times New Roman'; color: #202124; mso-fareast-language: PT-BR;\">O acesso \u00e0s funcionalidades da plataforma exigir\u00e1 a realiza\u00e7\u00e3o de um cadastro pr\u00e9vio online e, a depender dos servi\u00e7os ou produtos escolhidos, o pagamento de determinado valor.<\/span><\/p>\n<p style=\"text-align: justify; line-height: normal; background-image: initial; background-position: initial; background-size: initial; background-repeat: initial; background-attachment: initial; background-origin: initial; background-clip: initial;\"><span style=\"font-size: 12.0pt; font-family: 'Arial',sans-serif; mso-fareast-font-family: 'Times New Roman'; color: #202124; mso-fareast-language: PT-BR;\">Ao se cadastrar o usu\u00e1rio dever\u00e1 informar dados completos, recentes e v\u00e1lidos, sendo de sua exclusiva responsabilidade, sobretudo, se compromete com a veracidade dos dados fornecidos.<\/span><\/p>\n<p style=\"text-align: justify; line-height: normal; background-image: initial; background-position: initial; background-size: initial; background-repeat: initial; background-attachment: initial; background-origin: initial; background-clip: initial;\"><span style=\"font-size: 12.0pt; font-family: 'Arial',sans-serif; mso-fareast-font-family: 'Times New Roman'; color: #202124; mso-fareast-language: PT-BR;\">O usu\u00e1rio se compromete a n\u00e3o informar seus dados cadastrais e\/ou de acesso \u00e0 plataforma a terceiros, responsabilizando-se integralmente pelo uso que deles seja feito.<\/span><\/p>\n<p style=\"text-align: justify; line-height: normal; background-image: initial; background-position: initial; background-size: initial; background-repeat: initial; background-attachment: initial; background-origin: initial; background-clip: initial;\"><span style=\"font-size: 12.0pt; font-family: 'Arial',sans-serif; mso-fareast-font-family: 'Times New Roman'; color: #202124; mso-fareast-language: PT-BR;\">Toda e qualquer atividade realizada na plataforma de acesso ser\u00e1 de responsabilidade do usu\u00e1rio, que dever\u00e1 informar prontamente a plataforma em caso de uso indevido da respectiva senha.<\/span><\/p>\n<p style=\"text-align: justify; line-height: normal; background-image: initial; background-position: initial; background-size: initial; background-repeat: initial; background-attachment: initial; background-origin: initial; background-clip: initial;\"><span style=\"font-size: 12.0pt; font-family: 'Arial',sans-serif; mso-fareast-font-family: 'Times New Roman'; color: #202124; mso-fareast-language: PT-BR;\">O usu\u00e1rio, ao aceitar os Termos e Pol\u00edtica de Privacidade, autoriza expressamente a plataforma a coletar, usar, armazenar, tratar, ceder ou utilizar as informa\u00e7\u00f5es derivadas do uso dos servi\u00e7os, do site e quaisquer plataformas, incluindo todas as informa\u00e7\u00f5es preenchidas pelo usu\u00e1rio no momento em que realizar ou atualizar seu cadastro, al\u00e9m de outras expressamente descritas na Pol\u00edtica de Privacidade que dever\u00e1 ser autorizada pelo usu\u00e1rio.<\/span><\/p>\n<p style=\"text-align: justify; line-height: normal; background-image: initial; background-position: initial; background-size: initial; background-repeat: initial; background-attachment: initial; background-origin: initial; background-clip: initial;\"><span style=\"font-size: 12.0pt; font-family: 'Arial',sans-serif; mso-fareast-font-family: 'Times New Roman'; color: #202124; mso-fareast-language: PT-BR;\">c) as informa\u00e7\u00f5es que foram por ele divulgadas, sendo que os coment\u00e1rios ou informa\u00e7\u00f5es divulgadas por usu\u00e1rios s\u00e3o de inteira responsabilidade dos pr\u00f3prios usu\u00e1rios;<\/span><\/p>\n<p style=\"text-align: justify; line-height: normal; background-image: initial; background-position: initial; background-size: initial; background-repeat: initial; background-attachment: initial; background-origin: initial; background-clip: initial;\"><span style=\"font-size: 12.0pt; font-family: 'Arial',sans-serif; mso-fareast-font-family: 'Times New Roman'; color: #202124; mso-fareast-language: PT-BR;\">d) os conte\u00fados ou atividades il\u00edcitas praticadas atrav\u00e9s da sua plataforma.<\/span><\/p>\n<p style=\"text-align: justify; line-height: normal; background-image: initial; background-position: initial; background-size: initial; background-repeat: initial; background-attachment: initial; background-origin: initial; background-clip: initial;\"><span style=\"font-size: 12.0pt; font-family: 'Arial',sans-serif; mso-fareast-font-family: 'Times New Roman'; color: #202124; mso-fareast-language: PT-BR;\">A plataforma n\u00e3o se responsabiliza por links externos contidos em seu sistema que possam redirecionar o usu\u00e1rio \u00e0 ambiente externo a sua rede.<\/span><\/p>\n<p style=\"text-align: justify; line-height: normal; background-image: initial; background-position: initial; background-size: initial; background-repeat: initial; background-attachment: initial; background-origin: initial; background-clip: initial;\"><span style=\"font-size: 12.0pt; font-family: 'Arial',sans-serif; mso-fareast-font-family: 'Times New Roman'; color: #202124; mso-fareast-language: PT-BR;\">N\u00e3o poder\u00e3o ser inclu\u00eddos links externos ou p\u00e1ginas que sirvam para fins comerciais ou publicit\u00e1rios ou quaisquer informa\u00e7\u00f5es il\u00edcitas, violentas, pol\u00eamicas, pornogr\u00e1ficas, xenof\u00f3bicas, discriminat\u00f3rias ou ofensivas.<\/span><\/p>\n<h4 style=\"box-sizing: inherit; color: #444444; font-size: 16px; font-weight: 400;\"><strong style=\"color: #282828; font-size: 18px;\"><br \/>Do cancelamento da inscri\u00e7\u00e3o por parte do participante inscrito:<\/strong><\/h4>\n<p><!-- \/wp:heading --><!-- wp:paragraph --><\/p>\n<p>O cancelamento poder\u00e1 ser realizado at\u00e9 24 (vinte e quatro) horas da data do evento, desde que observado as diretrizes a seguir:<\/p>\n<p><!-- \/wp:paragraph --><!-- wp:paragraph --><\/p>\n<p><strong>1. <\/strong>Em caso do cancelamento, somente haver\u00e1 o reembolso no percentual de 50% (cinquenta por cento) do valor da inscri\u00e7\u00e3o realizada \u2013 subtra\u00eddo do valor pago as taxas administrativas e financeiras.<\/p>\n<p><!-- \/wp:paragraph --><!-- wp:paragraph --><\/p>\n<p><strong>2. <\/strong>N\u00e3o cabe o reembolso para pedidos realizados fora do prazo determinado nesta pol\u00edtica.<\/p>\n<p><!-- \/wp:paragraph --><!-- wp:paragraph --><\/p>\n<p><strong>3.<\/strong>Depois do deferimento da justificativa, o valor ser\u00e1 reembolsado no prazo m\u00e1ximo de at\u00e9 30 (trinta) dias atrav\u00e9s de transfer\u00eancia banc\u00e1ria em conta do participante inscrito.<\/p>\n<p><!-- \/wp:paragraph --><!-- wp:paragraph --><\/p>\n<p><strong>Substitui\u00e7\u00e3o de inscri\u00e7\u00e3o:<\/strong><\/p>\n<p><!-- \/wp:paragraph --><!-- wp:paragraph --><\/p>\n<p>A substitui\u00e7\u00e3o poder\u00e1 ocorrer at\u00e9 24 (vinte e quatro) horas da data do evento, mediante contato com a organiza\u00e7\u00e3o do mesmo para provid\u00eancias.<\/p>\n<p><!-- \/wp:paragraph --><!-- wp:heading {\"level\":4} --><\/p>\n<p><strong>Do cancelamento do evento pela FCDL-MG:<\/strong><\/p>\n<p><!-- \/wp:heading --><!-- wp:paragraph --><\/p>\n<p>A FCDL-MG reserva-se o direito de adiar ou cancelar o evento por qualquer motivo, responsabilizando-se em remarcar o evento avisando a nova data aos participantes inscritos atrav\u00e9s do endere\u00e7o constante da inscri\u00e7\u00e3o.<\/p>\n<p><!-- \/wp:paragraph --><!-- wp:heading {\"level\":4} --><\/p>\n<h4><strong>Pol\u00edtica do uso de dados, imagem e voz:<\/strong><\/h4>\n<p><!-- \/wp:heading --><!-- wp:paragraph --><\/p>\n<p>O participante inscrito autoriza, para todos os fins em direito admitidos, a utiliza\u00e7\u00e3o e exibi\u00e7\u00e3o de seus dados, sua imagem e voz constante de fotos, filmagens e grava\u00e7\u00f5es decorrentes da sua participa\u00e7\u00e3o no evento. <strong>Est\u00e1 ciente que seus dados ser\u00e3o compartilhados com o Sebrae ou com qualquer outro parceiro do evento seja por meio do CONSENTIMENTO INEQUIVOCO ou LEGITIMO INTERESSE, \u00a0no momento da inscri\u00e7\u00e3o no evento.<\/strong><\/p>\n<p><!-- \/wp:paragraph --><!-- wp:paragraph --><\/p>\n<p>Autoriza que as imagens e a voz poder\u00e3o ser arquivadas como reposit\u00f3rio institucional da FCDL-MG e exibidas junto ao Sistema CNDL e tamb\u00e9m em acesso aberto, por qualquer meio, inclusive, ve\u00edculos de comunica\u00e7\u00e3o, p\u00e1ginas f\u00edsicas ou virtuais, redes sociais, bem como todo e qualquer sistemas de dissemina\u00e7\u00e3o desta informa\u00e7\u00e3o. Tamb\u00e9m est\u00e1 ciente e concorda que esta autoriza\u00e7\u00e3o \u00e9 gratuita e por prazo indeterminado.<\/p>\n<h4><strong>Da pol\u00edtica de privacidade:<\/strong><\/h4>\n<p>Al\u00e9m do presente Termo, o usu\u00e1rio dever\u00e1 consentir com as disposi\u00e7\u00f5es contidas na respectiva <span style=\"text-decoration: underline;\"><strong><a href=\"https:\/\/eventosfcdlmg.org.br\/ce2023\/politica-de-privacidade\/\">Pol\u00edtica de Privacidade<\/a><\/strong><\/span> a ser apresentada a todos os interessados dentro da interface da plataforma.<\/p>\n<h4>Do foro:<\/h4>\n<p>Para a solu\u00e7\u00e3o de controv\u00e9rsias decorrentes do presente instrumento ser\u00e1 aplicado integralmente o Direito brasileiro.<\/p>\n<p>Os eventuais lit\u00edgios dever\u00e3o ser apresentados no foro da comarca em que se encontra a sede da FCDL-MG.205<\/p>\n<p><!-- \/wp:paragraph --><\/p>\t\t\t\t\t\t<\/div>\n\t\t\t\t<\/div>\n\t\t\t\t\t<\/div>\n\t\t<\/div>\n\t\t\t\t\t\t\t<\/div>\n\t\t<\/section>\n\t\t\t\t\t\t\t<\/div>\n\t\t","protected":false},"excerpt":{"rendered":"<p>Da aceita\u00e7\u00e3o: O presente Termo estabelece obriga\u00e7\u00f5es contratadas de livre e espont\u00e2nea vontade, por tempo indeterminado, entre a plataforma e as pessoas f\u00edsicas ou jur\u00eddicas. Do valor das inscri\u00e7\u00f5es: O 1\u00ba lote ser\u00e1 no valor de R$997,00, at\u00e9 o dia 25 de abril;O 2\u00ba lote ser\u00e1 no valor de R$1297,00, de 26 de abril at\u00e9&#8230;<\/p>\n","protected":false},"author":1,"featured_media":0,"parent":0,"menu_order":0,"comment_status":"closed","ping_status":"closed","template":"","meta":{"footnotes":""},"class_list":["post-12","page","type-page","status-publish","hentry"],"_links":{"self":[{"href":"https:\/\/eventosfcdlmg.org.br\/ce2025\/wp-json\/wp\/v2\/pages\/12","targetHints":{"allow":["GET"]}}],"collection":[{"href":"https:\/\/eventosfcdlmg.org.br\/ce2025\/wp-json\/wp\/v2\/pages"}],"about":[{"href":"https:\/\/eventosfcdlmg.org.br\/ce2025\/wp-json\/wp\/v2\/types\/page"}],"author":[{"embeddable":true,"href":"https:\/\/eventosfcdlmg.org.br\/ce2025\/wp-json\/wp\/v2\/users\/1"}],"replies":[{"embeddable":true,"href":"https:\/\/eventosfcdlmg.org.br\/ce2025\/wp-json\/wp\/v2\/comments?post=12"}],"version-history":[{"count":48,"href":"https:\/\/eventosfcdlmg.org.br\/ce2025\/wp-json\/wp\/v2\/pages\/12\/revisions"}],"predecessor-version":[{"id":7327,"href":"https:\/\/eventosfcdlmg.org.br\/ce2025\/wp-json\/wp\/v2\/pages\/12\/revisions\/7327"}],"wp:attachment":[{"href":"https:\/\/eventosfcdlmg.org.br\/ce2025\/wp-json\/wp\/v2\/media?parent=12"}],"curies":[{"name":"wp","href":"https:\/\/api.w.org\/{rel}","templated":true}]}}