{"id":815,"date":"2018-06-25T09:07:58","date_gmt":"2018-06-25T12:07:58","guid":{"rendered":"https:\/\/radiustheme.com\/demo\/wordpress\/eventalk\/?page_id=815"},"modified":"2025-09-27T03:38:37","modified_gmt":"2025-09-27T06:38:37","slug":"programacao","status":"publish","type":"page","link":"https:\/\/eventosfcdlmg.org.br\/ce2025\/programacao\/","title":{"rendered":"Programa\u00e7\u00e3o"},"content":{"rendered":"\t\t<div data-elementor-type=\"wp-post\" data-elementor-id=\"815\" class=\"elementor elementor-815\">\n\t\t\t\t\t\t\t\t\t<section class=\"elementor-section elementor-top-section elementor-element elementor-element-1eeac8b elementor-section-boxed elementor-section-height-default elementor-section-height-default\" data-id=\"1eeac8b\" data-element_type=\"section\">\n\t\t\t\t\t\t<div class=\"elementor-container elementor-column-gap-default\">\n\t\t\t\t\t<div class=\"elementor-column elementor-col-100 elementor-top-column elementor-element elementor-element-263bca7\" data-id=\"263bca7\" data-element_type=\"column\">\n\t\t\t<div class=\"elementor-widget-wrap elementor-element-populated\">\n\t\t\t\t\t\t\t\t<div class=\"elementor-element elementor-element-30f2ae2 elementor-widget elementor-widget-heading\" data-id=\"30f2ae2\" data-element_type=\"widget\" data-widget_type=\"heading.default\">\n\t\t\t\t<div class=\"elementor-widget-container\">\n\t\t\t<style>\/*! elementor - v3.7.8 - 02-10-2022 *\/\n.elementor-heading-title{padding:0;margin:0;line-height:1}.elementor-widget-heading .elementor-heading-title[class*=elementor-size-]>a{color:inherit;font-size:inherit;line-height:inherit}.elementor-widget-heading .elementor-heading-title.elementor-size-small{font-size:15px}.elementor-widget-heading .elementor-heading-title.elementor-size-medium{font-size:19px}.elementor-widget-heading .elementor-heading-title.elementor-size-large{font-size:29px}.elementor-widget-heading .elementor-heading-title.elementor-size-xl{font-size:39px}.elementor-widget-heading .elementor-heading-title.elementor-size-xxl{font-size:59px}<\/style><h2 class=\"elementor-heading-title elementor-size-small\">*Sujeita a altera\u00e7\u00f5es<\/h2>\t\t<\/div>\n\t\t\t\t<\/div>\n\t\t\t\t\t<\/div>\n\t\t<\/div>\n\t\t\t\t\t\t\t<\/div>\n\t\t<\/section>\n\t\t\t\t<section class=\"elementor-section elementor-top-section elementor-element elementor-element-b2d2476 elementor-section-boxed elementor-section-height-default elementor-section-height-default\" data-id=\"b2d2476\" data-element_type=\"section\">\n\t\t\t\t\t\t<div class=\"elementor-container elementor-column-gap-default\">\n\t\t\t\t\t<div class=\"elementor-column elementor-col-100 elementor-top-column elementor-element elementor-element-ecd57e1\" data-id=\"ecd57e1\" data-element_type=\"column\">\n\t\t\t<div class=\"elementor-widget-wrap elementor-element-populated\">\n\t\t\t\t\t\t\t\t<div class=\"elementor-element elementor-element-9e8b290 elementor-widget elementor-widget-accordion\" data-id=\"9e8b290\" data-element_type=\"widget\" data-widget_type=\"accordion.default\">\n\t\t\t\t<div class=\"elementor-widget-container\">\n\t\t\t<style>\/*! elementor - v3.7.8 - 02-10-2022 *\/\n.elementor-accordion{text-align:left}.elementor-accordion .elementor-accordion-item{border:1px solid #d4d4d4}.elementor-accordion .elementor-accordion-item+.elementor-accordion-item{border-top:none}.elementor-accordion .elementor-tab-title{margin:0;padding:15px 20px;font-weight:700;line-height:1;cursor:pointer;outline:none}.elementor-accordion .elementor-tab-title .elementor-accordion-icon{display:inline-block;width:1.5em}.elementor-accordion .elementor-tab-title .elementor-accordion-icon svg{width:1em;height:1em}.elementor-accordion .elementor-tab-title .elementor-accordion-icon.elementor-accordion-icon-right{float:right;text-align:right}.elementor-accordion .elementor-tab-title .elementor-accordion-icon.elementor-accordion-icon-left{float:left;text-align:left}.elementor-accordion .elementor-tab-title .elementor-accordion-icon .elementor-accordion-icon-closed{display:block}.elementor-accordion .elementor-tab-title .elementor-accordion-icon .elementor-accordion-icon-opened,.elementor-accordion .elementor-tab-title.elementor-active .elementor-accordion-icon-closed{display:none}.elementor-accordion .elementor-tab-title.elementor-active .elementor-accordion-icon-opened{display:block}.elementor-accordion .elementor-tab-content{display:none;padding:15px 20px;border-top:1px solid #d4d4d4}@media (max-width:767px){.elementor-accordion .elementor-tab-title{padding:12px 15px}.elementor-accordion .elementor-tab-title .elementor-accordion-icon{width:1.2em}.elementor-accordion .elementor-tab-content{padding:7px 15px}}.e-container>.elementor-widget-accordion{width:var(--container-widget-width,100%)}<\/style>\t\t<div class=\"elementor-accordion\" role=\"tablist\">\n\t\t\t\t\t\t\t<div class=\"elementor-accordion-item\">\n\t\t\t\t\t<div id=\"elementor-tab-title-1661\" class=\"elementor-tab-title\" data-tab=\"1\" role=\"tab\" aria-controls=\"elementor-tab-content-1661\" aria-expanded=\"false\">\n\t\t\t\t\t\t\t\t\t\t\t\t\t<span class=\"elementor-accordion-icon elementor-accordion-icon-left\" aria-hidden=\"true\">\n\t\t\t\t\t\t\t\t\t\t\t\t\t\t\t<span class=\"elementor-accordion-icon-closed\"><i class=\"fas fa-plus\"><\/i><\/span>\n\t\t\t\t\t\t\t\t<span class=\"elementor-accordion-icon-opened\"><i class=\"fas fa-minus\"><\/i><\/span>\n\t\t\t\t\t\t\t\t\t\t\t\t\t\t<\/span>\n\t\t\t\t\t\t\t\t\t\t\t\t<a class=\"elementor-accordion-title\" href=\"\">28\/09\/2025 \u2013 DOMINGO <\/a>\n\t\t\t\t\t<\/div>\n\t\t\t\t\t<div id=\"elementor-tab-content-1661\" class=\"elementor-tab-content elementor-clearfix\" data-tab=\"1\" role=\"tabpanel\" aria-labelledby=\"elementor-tab-title-1661\"><ul><li><span style=\"color: #000080;\"><strong>14H \u00c0S 17H &#8211; CREDENCIAMENTO CENACON<\/strong><\/span><\/li><\/ul><hr \/><ul><li><span style=\"color: #000080;\"><strong>19H &#8211; COQUETEL DE BOAS-VINDAS<br \/><span style=\"text-decoration: underline; color: #00ccff;\">TRAJE: ESPORTE FINO<\/span><\/strong><\/span><\/li><\/ul><hr \/><ul><li><strong><span style=\"color: #000080;\">20H &#8211; SOLENIDADE DE ABERTURA<\/span><\/strong><\/li><\/ul><hr \/><ul><li><span style=\"color: #000080;\"><strong>21H30 &#8211; COQUETEL P\u00d3S SOLENIDADE<\/strong><\/span><\/li><\/ul><\/div>\n\t\t\t\t<\/div>\n\t\t\t\t\t\t\t<div class=\"elementor-accordion-item\">\n\t\t\t\t\t<div id=\"elementor-tab-title-1662\" class=\"elementor-tab-title\" data-tab=\"2\" role=\"tab\" aria-controls=\"elementor-tab-content-1662\" aria-expanded=\"false\">\n\t\t\t\t\t\t\t\t\t\t\t\t\t<span class=\"elementor-accordion-icon elementor-accordion-icon-left\" aria-hidden=\"true\">\n\t\t\t\t\t\t\t\t\t\t\t\t\t\t\t<span class=\"elementor-accordion-icon-closed\"><i class=\"fas fa-plus\"><\/i><\/span>\n\t\t\t\t\t\t\t\t<span class=\"elementor-accordion-icon-opened\"><i class=\"fas fa-minus\"><\/i><\/span>\n\t\t\t\t\t\t\t\t\t\t\t\t\t\t<\/span>\n\t\t\t\t\t\t\t\t\t\t\t\t<a class=\"elementor-accordion-title\" href=\"\">29\/09\/2025 \u2013 SEGUNDA-FEIRA | PALESTRAS E PAIN\u00c9IS<\/a>\n\t\t\t\t\t<\/div>\n\t\t\t\t\t<div id=\"elementor-tab-content-1662\" class=\"elementor-tab-content elementor-clearfix\" data-tab=\"2\" role=\"tabpanel\" aria-labelledby=\"elementor-tab-title-1662\"><ul><li><span style=\"color: #333399;\"><strong>7H30: CREDENCIAMENTO CENACON<\/strong><\/span><\/li><\/ul><hr \/><ul><li><span style=\"color: #333399;\"><strong>8H45: ABERTURA OFICIAL<br \/><span style=\"text-decoration: underline; color: #00ccff;\">TRAJE: CAMISA DO EVENTO<\/span><\/strong><\/span><\/li><\/ul><hr \/><ul><li><span style=\"color: #333399;\"><strong>9H: DE EMPRES\u00c1RIO A GOVERNADOR\u00a0<\/strong><\/span><br \/><strong><em>CONVIDADO:<\/em><\/strong> <span style=\"color: #333399;\"><em>ROMEU ZEMA NETO<\/em><\/span> &#8211; GOVERNADOR DE MINAS GERAIS<\/li><\/ul><hr \/><ul><li><span style=\"color: #333399;\"><strong>10H: ENTRE REFORMAS E REALIDADE: O QUE O SETOR PRODUTIVO PODE ESPERAR PARA 2026<\/strong><\/span><br \/><em><strong>CONVIDADO:<\/strong><\/em> <span style=\"color: #333399;\"><em>FERNANDO SCH\u00dcLER<\/em><\/span> &#8211; CIENTISTA POL\u00cdTICO, PALESTRANTE, PROFESSOR DO INSPER, COLUNISTA DO ESTAD\u00c3O E COMENTARISTA BANDNEWS<\/li><\/ul><hr \/><ul><li><span style=\"color: #333399;\"><strong>10H50: PAINEL 1| OPORTUNIDADES: DA IDEIA AO MERCADO<\/strong><\/span><br \/><em><strong>CONVIDADOS<\/strong><\/em>: &#8211; <em><span style=\"color: #333399;\">ADRIANO STEFANO<\/span><\/em> &#8211; FUNDADOR DA STEFANO STORE<br \/>&#8211; <span style=\"color: #333399;\"><em>PATR\u00cdCIA MOURA<\/em><\/span> &#8211; PROPRIET\u00c1RIA DO PE\u00c7A RARA BRECH\u00d3 PO\u00c7OS DE CALDAS<br \/><em style=\"color: #333399;\">&#8211; <span style=\"color: #333399;\">STELLA CAMPOS<\/span> &#8211; <\/em><span lang=\"PT\" style=\"font-size: 12.0pt; mso-fareast-font-family: 'Times New Roman'; mso-bidi-font-family: Calibri;\">PROPRIET\u00c1RIA DA LASCAUX CHOCOLATES R\u00daSTICOS<\/span><\/li><\/ul><hr \/><ul><li><strong><span style=\"color: #333399;\">12H: INTERVALO COM ALIMENTA\u00c7\u00c3O E VISITAS AOS ESTANDES<\/span><\/strong><\/li><\/ul><hr \/><ul><li><span style=\"color: #333399;\"><strong>13H: PRESEN\u00c7A, CONEX\u00c3O E PARCERIAS: CAMINHO PARA NEG\u00d3CIOS DE SUCESSO<\/strong><\/span><br \/><em><strong>CONVIDADA<\/strong><\/em>: <span style=\"color: #333399;\"><em>MARIBEL SILVA<\/em><\/span> &#8211; DIRETORA COMERCIAL E DE MARKETING DA CAL\u00c7ADOS BEIRA RIO S.A<\/li><\/ul><hr \/><ul><li><span style=\"color: #333399;\"><strong>13H45: O PODER DA INQUIETUDE<\/strong><\/span><br \/><em><strong>CONVIDADO<\/strong>: <span style=\"color: #333399;\">RICHARD STAD<\/span><\/em> &#8211; CEO DA ARAMIS<\/li><\/ul><hr \/><ul><li><span style=\"color: #333399;\"><strong>15H: ENCERRAMENTO E VISITAS AOS ESTANDES<\/strong><\/span><\/li><\/ul><hr \/><ul><li><span style=\"color: #000080;\"><span style=\"color: #000080;\"><span style=\"color: #000080;\"><span style=\"color: #000080;\"><span style=\"color: #000080;\"><b>16H: PROGRAMA\u00c7\u00c3O EXCLUSIVA PARA MULHERES &#8211; AUDIT\u00d3RIO CENACON<\/b><\/span><\/span><\/span><\/span><\/span><p><span style=\"color: #000080;\"><b><\/b><em><strong style=\"font-weight: 400;\"><span style=\"padding: 10px; background-color: #edf272;\"><b>RODA DE CONVERSA COM AS EMPRES\u00c1RIAS PRISCILA OLIVIA E \u00c2NGELA LIS<br \/><\/b><\/span><\/strong><\/em><\/span><br \/>TEMAS: COMPORTAMENTO, AUTOCONHECIMENTO E A VALORIZA\u00c7\u00c3O DA IMAGEM COMO ACEITA\u00c7\u00c3O E POSICIONAMENTO.<\/p><\/li><\/ul><ul><li><span style=\"color: #000080;\"><span style=\"color: #000080;\"><strong>TARDE LIVRE &#8211; PASSEIO PONTOS TUR\u00cdSTICOS<\/strong><\/span><\/span><\/li><\/ul><hr \/><ul><li><span style=\"color: #000080;\"><strong><strong style=\"color: #414141;\"><span style=\"color: #333399;\">NOITE LIVRE<\/span><\/strong><\/strong><\/span><\/li><\/ul><\/div>\n\t\t\t\t<\/div>\n\t\t\t\t\t\t\t<div class=\"elementor-accordion-item\">\n\t\t\t\t\t<div id=\"elementor-tab-title-1663\" class=\"elementor-tab-title\" data-tab=\"3\" role=\"tab\" aria-controls=\"elementor-tab-content-1663\" aria-expanded=\"false\">\n\t\t\t\t\t\t\t\t\t\t\t\t\t<span class=\"elementor-accordion-icon elementor-accordion-icon-left\" aria-hidden=\"true\">\n\t\t\t\t\t\t\t\t\t\t\t\t\t\t\t<span class=\"elementor-accordion-icon-closed\"><i class=\"fas fa-plus\"><\/i><\/span>\n\t\t\t\t\t\t\t\t<span class=\"elementor-accordion-icon-opened\"><i class=\"fas fa-minus\"><\/i><\/span>\n\t\t\t\t\t\t\t\t\t\t\t\t\t\t<\/span>\n\t\t\t\t\t\t\t\t\t\t\t\t<a class=\"elementor-accordion-title\" href=\"\">30\/09\/2025 \u2013 TER\u00c7A-FEIRA | PALESTRAS E PAIN\u00c9IS<\/a>\n\t\t\t\t\t<\/div>\n\t\t\t\t\t<div id=\"elementor-tab-content-1663\" class=\"elementor-tab-content elementor-clearfix\" data-tab=\"3\" role=\"tabpanel\" aria-labelledby=\"elementor-tab-title-1663\"><ul><li><span style=\"color: #000080;\"><strong>8H: CREDENCIAMENTO CENACON<\/strong><\/span><\/li><\/ul><hr \/><ul><li><span style=\"color: #000080;\"><strong>8H15: ABERTURA E SORTEIO DE BRINDES<\/strong><\/span><\/li><\/ul><hr \/><ul><li><span style=\"color: #000080;\"><strong>8H30: CONSIST\u00caNCIA E NOVIDADE: DO QUE S\u00c3O FEITAS AS MARCAS QUE AMAMOS<\/strong><\/span><br \/><em><strong>CONVIDADA<\/strong><\/em>: <em><span style=\"color: #000080;\">BEATRIZ GUAREZI<\/span> <\/em>&#8211; FUNDADORA DA BITS TO BRANDS, REFER\u00caNCIA EM INOVA\u00c7\u00c3O E ESTRATEGISTA DE MARCA<\/li><\/ul><hr \/><ul><li><span style=\"color: #000080;\"><strong>9H30: IA NA PR\u00c1TICA: O QUE TODO EMPREENDEDOR PRECISA SABER (E USAR)<\/strong><\/span><br \/><em><strong>CONVIDADO<\/strong><\/em>: <em><span style=\"color: #000080;\">THIAGO SILVA<\/span><\/em> &#8211; COFUNDADOR DA TUTO DIGITAL COM AMPLA EXPERI\u00caNCIA EM IA E GAMIFICA\u00c7\u00c3O PARA VAREJO<\/li><\/ul><hr \/><ul><li><span style=\"color: #000080;\"><strong>10H30: PAINEL 2 | DESCOMPLICANDO A TECNOLOGIA NO VAREJO: FERRAMENTAS REAIS, RESULTADOS R\u00c1PIDOS<\/strong><\/span><br \/><em><strong>CONVIDADOS<\/strong><\/em>:<br \/><em>&#8211; <span style=\"color: #000080;\">BRUNO VASCONCELOS<\/span><\/em> &#8211; CEO\u00a0DA SEU CLIENTE OCULTO<strong><br \/><\/strong><em>&#8211; <span style=\"color: #000080;\">LEANDRO RENN\u00d3<\/span> &#8211;<\/em>\u00a0PARCEIRO DE NEG\u00d3CIOS DA META E EMBAIXADOR DO WHATSAPP BUSINESS <strong><br \/><\/strong><em>&#8211; <span style=\"color: #000080;\">THIAGO SILVA<\/span> \u2013 <\/em>COFUNDADOR DA TUTO DIGITAL<\/li><li><span style=\"color: #000080;\"><strong>11H30: RELA\u00c7\u00d5ES HUMANAS: O DESAFIO (E A ARTE) DE CONVIVER<br \/><\/strong><\/span><em><strong>CONVIDADA<\/strong><\/em>: <em><span style=\"color: #000080;\">LEILA FERREIRA<\/span><\/em> &#8211; ESCRITORA, JORNALISTA E PALESTRANTE<\/li><\/ul><hr \/><ul><li><span style=\"color: #000080;\"><strong>13H \u2013 ENCERRAMENTO COM ALIMENTA\u00c7\u00c3O E VISITAS AOS ESTANDES<\/strong><\/span><\/li><\/ul><hr \/><ul><li><span style=\"color: #000080;\"><strong>TARDE LIVRE &#8211; PASSEIO PONTOS TUR\u00cdSTICOS<\/strong><\/span><\/li><\/ul><hr \/><ul><li><strong><span style=\"color: #000080;\">21H \u2013 FESTA DE ENCERRAMENTO<br \/><span style=\"text-decoration: underline;\"><span style=\"color: #00ccff; text-decoration: underline;\">TRAJE: ESPORTE FINO<\/span><\/span><\/span><\/strong><\/li><\/ul><\/div>\n\t\t\t\t<\/div>\n\t\t\t\t\t\t\t\t<\/div>\n\t\t\t\t<\/div>\n\t\t\t\t<\/div>\n\t\t\t\t\t<\/div>\n\t\t<\/div>\n\t\t\t\t\t\t\t<\/div>\n\t\t<\/section>\n\t\t\t\t<section class=\"elementor-section elementor-top-section elementor-element elementor-element-1760594 elementor-section-boxed elementor-section-height-default elementor-section-height-default\" data-id=\"1760594\" data-element_type=\"section\">\n\t\t\t\t\t\t<div class=\"elementor-container elementor-column-gap-default\">\n\t\t\t\t\t<div class=\"elementor-column elementor-col-100 elementor-top-column elementor-element elementor-element-aaee0d9\" data-id=\"aaee0d9\" data-element_type=\"column\">\n\t\t\t<div class=\"elementor-widget-wrap\">\n\t\t\t\t\t\t\t\t\t<\/div>\n\t\t<\/div>\n\t\t\t\t\t\t\t<\/div>\n\t\t<\/section>\n\t\t\t\t\t\t\t<\/div>\n\t\t","protected":false},"excerpt":{"rendered":"<p>*Sujeita a altera\u00e7\u00f5es 28\/09\/2025 \u2013 DOMINGO 14H \u00c0S 17H &#8211; CREDENCIAMENTO CENACON 19H &#8211; COQUETEL DE BOAS-VINDASTRAJE: ESPORTE FINO 20H &#8211; SOLENIDADE DE ABERTURA 21H30 &#8211; COQUETEL P\u00d3S SOLENIDADE 29\/09\/2025 \u2013 SEGUNDA-FEIRA | PALESTRAS E PAIN\u00c9IS 7H30: CREDENCIAMENTO CENACON 8H45: ABERTURA OFICIALTRAJE: CAMISA DO EVENTO 9H: DE EMPRES\u00c1RIO A GOVERNADOR\u00a0CONVIDADO: ROMEU ZEMA NETO &#8211; GOVERNADOR&#8230;<\/p>\n","protected":false},"author":1,"featured_media":0,"parent":0,"menu_order":0,"comment_status":"closed","ping_status":"closed","template":"","meta":{"footnotes":""},"class_list":["post-815","page","type-page","status-publish","hentry"],"_links":{"self":[{"href":"https:\/\/eventosfcdlmg.org.br\/ce2025\/wp-json\/wp\/v2\/pages\/815","targetHints":{"allow":["GET"]}}],"collection":[{"href":"https:\/\/eventosfcdlmg.org.br\/ce2025\/wp-json\/wp\/v2\/pages"}],"about":[{"href":"https:\/\/eventosfcdlmg.org.br\/ce2025\/wp-json\/wp\/v2\/types\/page"}],"author":[{"embeddable":true,"href":"https:\/\/eventosfcdlmg.org.br\/ce2025\/wp-json\/wp\/v2\/users\/1"}],"replies":[{"embeddable":true,"href":"https:\/\/eventosfcdlmg.org.br\/ce2025\/wp-json\/wp\/v2\/comments?post=815"}],"version-history":[{"count":537,"href":"https:\/\/eventosfcdlmg.org.br\/ce2025\/wp-json\/wp\/v2\/pages\/815\/revisions"}],"predecessor-version":[{"id":8352,"href":"https:\/\/eventosfcdlmg.org.br\/ce2025\/wp-json\/wp\/v2\/pages\/815\/revisions\/8352"}],"wp:attachment":[{"href":"https:\/\/eventosfcdlmg.org.br\/ce2025\/wp-json\/wp\/v2\/media?parent=815"}],"curies":[{"name":"wp","href":"https:\/\/api.w.org\/{rel}","templated":true}]}}